{"id":889,"date":"2023-05-16T11:07:59","date_gmt":"2023-05-16T10:07:59","guid":{"rendered":"https:\/\/sites.uab.pt\/educarte-natureza\/?page_id=889"},"modified":"2023-11-15T20:43:04","modified_gmt":"2023-11-15T20:43:04","slug":"paginaprincipal","status":"publish","type":"page","link":"https:\/\/educartenatureza.uab.pt\/es\/","title":{"rendered":"Pagina Principal"},"content":{"rendered":"\n<div id=\"gbc-ad61f3-14\" class=\"wp-block-c3-framew-gutenbergblocks-advancedcontainer gbc gbc-view row-valign-top align-full c3-framew-gutenbergblocks-advancedcontainer\" style=\"margin-bottom:-5px\"><div class=\"gbc-wrapper\"><div id=\"gbc-container-gbc-ad61f3-14\" class=\"inner-container\"><div class=\"video-container bg-black\">\n<video loop autoplay muted class=\"hero-video transition fading img-fluid position-absolute\">\n   <source src=\"https:\/\/educartenatureza.uab.pt\/wp-content\/uploads\/sites\/36\/2023\/07\/forest_ooo.mp4\" type\"video\/mp4\">\n   <source src=\"https:\/\/educartenatureza.uab.pt\/wp-content\/uploads\/sites\/36\/2023\/07\/forest_ooo.webm\" type\"video\/webm\">\n<\/video>\n  <div class=\"hero-text text-overlay\">\n    <h1>Educ@rte Natureza<\/h1>\n    <br>\n    <p class=\"h4\">es un proyecto que pretende crear un modelo de educaci\u00f3n con y en la naturaleza, dando Voz y Valor a los espacios que nos rodean, y a las personas que los habitan, contando historias, que son ilustradas y tambi\u00e9n mediadas por las tecnolog\u00edas.<\/p>\n    <br>\n    <a href=\"https:\/\/educartenatureza.uab.pt\/projeto\/apresentacao\/\">\n      <button class=\"button-81\" role=\"button\">Saber<\/button>\n    <\/a>\n  <\/div><!--\n  <svg xmlns=\"http:\/\/www.w3.org\/2000\/svg\" viewBox=\"0 0 100 100\" style=\"width: 100%; position: absolute; bottom: 0; z-index: -1;\">\n    <image xlink:href=\"https:\/\/educartenatureza.uab.pt\/wp-content\/uploads\/sites\/36\/2023\/06\/waves.svg\" id=\"imagem-waves\" width=\"100%\" height=\"100%\" \/>\n  <\/svg>-->\n<script defer>\nwindow.addEventListener('DOMContentLoaded', ()=>{\n    \/*document.head.insertAdjacentHTML(\"beforeend\", `<style>\n.hero-video.transition {\n    transition: all 2s;\n    background-color: black;\n}\n.hero-video.transition.fading {\n    opacity: 0;\n}\n<\/style>`);*\/\n    document.querySelectorAll('video.hero-video').forEach(v=>{\n        const transitionDuration = 2000;\n        v.addEventListener('timeupdate', (ev)=>{\n            const videoLength = v.duration*1000;\n            if(videoLength<=transitionDuration) return;\n            if(ev.timeStamp%(videoLength)>(videoLength-transitionDuration) && !v.classList.contains('fading')){\n                v.classList.add('fading');\n            }\n        });\n        const removeFading = (ev)=>{\n            ev.currentTarget.classList.remove('fading');\n        };\n        v.addEventListener('canplay', removeFading);\n        v.addEventListener('ended', removeFading);\n    });\n});\n<\/script>\n<\/div>\n<\/div><\/div><\/div>\n\n\n\n<div id=\"gbc-76ebe5-18\" class=\"wp-block-c3-framew-gutenbergblocks-advancedcontainer gbc gbc-view row-valign-middle align-full c3-framew-gutenbergblocks-advancedcontainer\" style=\"background-color:#eeeeee\"><div class=\"gbc-background-overlay gbc-background-overlay-normal\" style=\"opacity:0.3\"><\/div><div class=\"gbc-wrapper\" style=\"padding-left:0%;padding-right:0px;padding-top:100px;padding-bottom:60px\"><div id=\"gbc-container-gbc-76ebe5-18\" class=\"inner-container container\" style=\"max-width:75%\">\n\n\n\n    <div class=\"noticia\">\n        <div class=\"row\">\n            <div class=\"align-items-center col-md-4 d-flex\">\n                <div class=\"align-items-center d-flex flex-column p-4\">\n                    <h2 style=\"text-align: center; font-weight: bold; font-size: 35px;\">Noticia destacada<\/h2>\n                    <p style=\"text-align: center; font-size: 20px; margin-top: 10px;\">Si quieres ver el resto de las noticias de <br>Educ@rte Naturaleza<\/p>\n                    <a href=\"https:\/\/educartenatureza.uab.pt\/es\/mediateca\/noticias\/\">\n                        <div style=\"text-align: center; margin-top: 30px;\">\n                            <button type=\"button\" class=\"button-81\">Haz Clic Aqu\u00ed<\/button>\n                        <\/div>\n                    <\/a>\n                <\/div>\n            <\/div>\n            <div class=\"col-md-8\">\n                                <div class=\"mb-5\">\n                        <div class=\"mx-auto\">\n                            <a href=\"https:\/\/educartenatureza.uab.pt\/es\/construccion-de-herbarios-escolares-de-plantas-invasoras\/\">\n\t\t\t\t\t\t\t\t<div class=\"div-imagens-news mx-auto\" style=\"width: 100%; height: 100%; position: relative;\">\n                                <img decoding=\"async\" src=\"https:\/\/educartenatureza.uab.pt\/es\/wp-content\/uploads\/sites\/38\/2025\/03\/IMG-20250319-WA0018.jpg\" alt=\"Construcci\u00f3n de herbarios escolares de plantas invasoras\" style=\"border-radius:2px;width: 100%; height: 100%; object-fit: cover;\">\n                                <div class=\"overlay\" style=\"position: absolute; top: 0; left: 0; width: 100%; height: 100%;\"><\/div>\n                            <\/div>  <\/a>\n                        <\/div>\n                  \n                    <div class=\"row align-items-center\" style=\"margin-top: 20px;\">\n                        <div class=\"col-md-12 text-center\">\n\t\t\t\t\t\t\t<a href=\"https:\/\/educartenatureza.uab.pt\/es\/construccion-de-herbarios-escolares-de-plantas-invasoras\/\" style=\"text-decoration: none; color: rgb(44, 110, 73);\">\n                                <h3 style=\"font-weight: bold;\">Construcci\u00f3n de herbarios escolares de plantas invasoras<\/h3>\n                            <\/a>\n                            <div class=\"noticia-data\">27 de abril de 2026<\/div>\n                        <\/div>\n                    <\/div>\n                <\/div>\n                            <\/div>\n        <\/div>\n    <\/div>\n<\/div><\/div><\/div>\n\n\n\n<figure class=\"wp-block-pullquote\"><blockquote><p>El proyecto educativo Educ@rteNatureza pretende aprovechar el patrimonio humano, material e inmaterial de una regi\u00f3n, planteando un conjunto de escenarios y propuestas formativas &#8211;<em>coreograf\u00edas de aprendizaje <\/em>&#8211; que pretenden promover la alfabetizaci\u00f3n ambiental y el desarrollo de una ciudadan\u00eda activa con participaci\u00f3n cr\u00edtica.<br><strong>Conoce el proyecto Educ@rteNatureza a partir de la voz y la mirada de sus protagonistas.<\/strong><\/p><\/blockquote><\/figure>\n\n\n\n<figure class=\"wp-block-embed alignwide is-type-video is-provider-youtube wp-block-embed-youtube wp-embed-aspect-16-9 wp-has-aspect-ratio\"><div class=\"wp-block-embed__wrapper\">\n<iframe loading=\"lazy\" title=\"Educ@rteNatureza - Video Promocional\" width=\"500\" height=\"281\" src=\"https:\/\/www.youtube.com\/embed\/D3Ycv2lWIZM?feature=oembed\" frameborder=\"0\" allow=\"accelerometer; autoplay; clipboard-write; encrypted-media; gyroscope; picture-in-picture; web-share\" referrerpolicy=\"strict-origin-when-cross-origin\" allowfullscreen><\/iframe>\n<\/div><\/figure>\n\n\n\n<div style=\"height:100px\" aria-hidden=\"true\" class=\"wp-block-spacer\"><\/div>\n","protected":false},"excerpt":{"rendered":"El proyecto educativo Educ@rteNatureza pretende aprovechar el patrimonio humano, material e inmaterial de una regi\u00f3n, planteando un conjunto de escenarios y propuestas formativas &#8211;coreograf\u00edas de aprendizaje &#8211; que pretenden promover la alfabetizaci\u00f3n ambiental y el desarrollo de una ciudadan\u00eda activa con participaci\u00f3n cr\u00edtica.Conoce el proyecto Educ@rteNatureza a partir de la voz y la mirada de [&hellip;]","protected":false},"author":1,"featured_media":0,"parent":0,"menu_order":-1,"comment_status":"closed","ping_status":"closed","template":"themetemplates_front-page","meta":{"speak2many_translation":"","footnotes":""},"class_list":["post-889","page","type-page","status-publish","hentry"],"_links":{"self":[{"href":"https:\/\/educartenatureza.uab.pt\/es\/wp-json\/wp\/v2\/pages\/889","targetHints":{"allow":["GET"]}}],"collection":[{"href":"https:\/\/educartenatureza.uab.pt\/es\/wp-json\/wp\/v2\/pages"}],"about":[{"href":"https:\/\/educartenatureza.uab.pt\/es\/wp-json\/wp\/v2\/types\/page"}],"author":[{"embeddable":true,"href":"https:\/\/educartenatureza.uab.pt\/es\/wp-json\/wp\/v2\/users\/1"}],"replies":[{"embeddable":true,"href":"https:\/\/educartenatureza.uab.pt\/es\/wp-json\/wp\/v2\/comments?post=889"}],"version-history":[{"count":6,"href":"https:\/\/educartenatureza.uab.pt\/es\/wp-json\/wp\/v2\/pages\/889\/revisions"}],"predecessor-version":[{"id":7280,"href":"https:\/\/educartenatureza.uab.pt\/es\/wp-json\/wp\/v2\/pages\/889\/revisions\/7280"}],"wp:attachment":[{"href":"https:\/\/educartenatureza.uab.pt\/es\/wp-json\/wp\/v2\/media?parent=889"}],"curies":[{"name":"wp","href":"https:\/\/api.w.org\/{rel}","templated":true}]}}