{"id":934,"date":"2023-05-17T10:27:25","date_gmt":"2023-05-17T09:27:25","guid":{"rendered":"https:\/\/sites.uab.pt\/educarte-natureza\/?page_id=934"},"modified":"2023-09-05T01:00:26","modified_gmt":"2023-09-05T00:00:26","slug":"noticias","status":"publish","type":"page","link":"https:\/\/educartenatureza.uab.pt\/es\/mediateca\/noticias\/","title":{"rendered":"Noticias"},"content":{"rendered":"\n<div id=\"gbc-acd052-79\" class=\"wp-block-c3-framew-gutenbergblocks-advancedcontainer gbc gbc-view row-valign-top align-full c3-framew-gutenbergblocks-advancedcontainer\" style=\"background-color:#eeeeee\"><div class=\"gbc-background-overlay gbc-background-overlay-normal\" style=\"opacity:0.3\"><\/div><div class=\"gbc-wrapper\" style=\"padding-top:100px;padding-bottom:60px\"><div id=\"gbc-container-gbc-acd052-79\" class=\"inner-container container\">\n<h1 class=\"wp-block-heading has-text-align-center has-text-color\" style=\"color:#591c1c\"><strong><strong>Noticias<\/strong><\/strong><\/h1>\n\n\n\n<div style=\"height:55px\" aria-hidden=\"true\" class=\"wp-block-spacer\"><\/div>\n\n\n\n    <div class=\"noticias-carousel\" style=\"margin-top: 20px;\">\n        <div id=\"carouselExample\" class=\"carousel slide\" data-bs-ride=\"carousel\" data-bs-interval=\"7000\">\n            <div class=\"carousel-inner\">\n                                    <div class=\"carousel-item active\">\n                        <div class=\"row\">\n                            <div class=\"col-md-12\">\n                                <div class=\"div-imagens-news mx-auto\" style=\"max-width: 1000px;\">\n                                                                                                                                                            <a href=\"https:\/\/educartenatureza.uab.pt\/es\/construccion-de-herbarios-escolares-de-plantas-invasoras\/\">\n                                            <img decoding=\"async\" src=\"https:\/\/educartenatureza.uab.pt\/es\/wp-content\/uploads\/sites\/38\/2025\/03\/IMG-20250319-WA0018.jpg\" class=\"img-fluid imgNews\" loading=\"lazy\" style=\"margin-bottom: 175px; width: 100%; height: 400px; object-fit: cover;\">\n\n                                        <\/a>\n                                                                        <div class=\"carousel-caption\">\n\n                                        <h5 style=\"font-size: 32px; color: #41644a; font-weight: 700; margin-bottom: 0px; margin-top: 5px;\">Construcci\u00f3n de herbarios escolares de plantas invasoras<\/h5>\n\t\t\t\t\t\t\t\t\t\t\t\t\t\t\t\t\t\t\t\t                                    <\/div>\n                                <\/div>\n                            <\/div>\n                        <\/div>\n                    <\/div>\n                                    <div class=\"carousel-item \">\n                        <div class=\"row\">\n                            <div class=\"col-md-12\">\n                                <div class=\"div-imagens-news mx-auto\" style=\"max-width: 1000px;\">\n                                                                                                                                                            <a href=\"https:\/\/educartenatureza.uab.pt\/es\/pigmentos-naturales-inorganicos-y-eco-arte\/\">\n                                            <img decoding=\"async\" src=\"https:\/\/educartenatureza.uab.pt\/es\/wp-content\/uploads\/sites\/38\/2025\/03\/12-e1742388931798.jpg\" class=\"img-fluid imgNews\" loading=\"lazy\" style=\"margin-bottom: 175px; width: 100%; height: 400px; object-fit: cover;\">\n\n                                        <\/a>\n                                                                        <div class=\"carousel-caption\">\n\n                                        <h5 style=\"font-size: 32px; color: #41644a; font-weight: 700; margin-bottom: 0px; margin-top: 5px;\">Pigmentos Naturales Inorg\u00e1nicos y Eco-Arte<\/h5>\n\t\t\t\t\t\t\t\t\t\t\t\t\t\t\t\t\t\t\t\t\t\t\t\t\t\t\t\t\t\t\t<p style=\"font-size: 18px; color: #888;\">18 de marzo de 2025<\/p>\n\t\t\t\t\t\t\t\t\t\t                                    <\/div>\n                                <\/div>\n                            <\/div>\n                        <\/div>\n                    <\/div>\n                            <\/div>\n            <button class=\"carousel-control-prev\" type=\"button\" data-bs-target=\"#carouselExample\" data-bs-slide=\"prev\" style=\"margin-left: -10px; margin-bottom: 80px;\">\n                <span class=\"carousel-control-prev-icon\" aria-hidden=\"true\"><\/span>\n                <span class=\"visually-hidden\">Previous<\/span>\n            <\/button>\n            <button class=\"carousel-control-next\" type=\"button\" data-bs-target=\"#carouselExample\" data-bs-slide=\"next\" style=\"margin-right: -10px; margin-bottom: 80px; right: 0; transform: scaleX(-1);\">\n                <span class=\"carousel-control-next-icon\" aria-hidden=\"true\"><\/span>\n                <span class=\"visually-hidden\">Next<\/span>\n            <\/button>\n        <\/div>\n    <\/div>\n\n\n\n<div style=\"height:56px\" aria-hidden=\"true\" class=\"wp-block-spacer\"><\/div>\n\n\n\n    <div class=\"noticias-list\">\n        <ul aria-label=\"Lista de noticias\" class=\"row justify-content-center list-unstyled\">\n                            <li class=\"align-items-center col-20 col-lg-6 d-flex flex-column px-lg-6 py-6\" style=\"margin-bottom: 20px;\">\n                    <div class=\"row\">\n                        <div class=\"col-md-6\" style=\"margin-top:12px; margin-bottom: 12px;\">\n                            <div class=\"new-photo\">\n                                                                                                        <a href=\"https:\/\/educartenatureza.uab.pt\/es\/alcornoques-y-sostenibilidad\/\">\n                                        <img decoding=\"async\" src=\"https:\/\/educartenatureza.uab.pt\/es\/wp-content\/uploads\/sites\/38\/2025\/01\/Imagem-WhatsApp-2024-12-19-as-17.48.05_cc7df672.jpg\"width=\"1600\"height=\"900\"class=\"attachment-full size-full img-fluid image-expand\"alt=\"\"srcset=\"https:\/\/educartenatureza.uab.pt\/es\/wp-content\/uploads\/sites\/38\/2025\/01\/Imagem-WhatsApp-2024-12-19-as-17.48.05_cc7df672.jpg 1600w, https:\/\/educartenatureza.uab.pt\/es\/wp-content\/uploads\/sites\/38\/2025\/01\/Imagem-WhatsApp-2024-12-19-as-17.48.05_cc7df672-300x169.jpg 300w, https:\/\/educartenatureza.uab.pt\/es\/wp-content\/uploads\/sites\/38\/2025\/01\/Imagem-WhatsApp-2024-12-19-as-17.48.05_cc7df672-1024x576.jpg 1024w, https:\/\/educartenatureza.uab.pt\/es\/wp-content\/uploads\/sites\/38\/2025\/01\/Imagem-WhatsApp-2024-12-19-as-17.48.05_cc7df672-768x432.jpg 768w, https:\/\/educartenatureza.uab.pt\/es\/wp-content\/uploads\/sites\/38\/2025\/01\/Imagem-WhatsApp-2024-12-19-as-17.48.05_cc7df672-1536x864.jpg 1536w\"sizes=\"auto, (max-width: 1600px) 100vw, 1600px\" class=\"img-fluid\" loading=\"lazy\">\n                                    <\/a>\n                                                            <\/div>\n                        <\/div>\n                        <div class=\"col-md-6 news-details\" style=\"padding-left: 30px; position: relative;\">\n                            <div class=\"news-name\" style=\"color: #41644A; margin-bottom: 10px; margin-top: 10px; font-size: 24px;\">\n                                <a href=\"https:\/\/educartenatureza.uab.pt\/es\/alcornoques-y-sostenibilidad\/\" style=\"text-decoration: none;\">Alcornoques y sostenibilidad<\/a>\n                            <\/div>\n                            <div class=\"news-excerpt news-excerpt-large\" style=\"font-size: 16px; margin-top: 25px\"><\/div>\n\t\t\t\t\t\t\t\t\t\t\t\t\t\t                        <\/div>\n                    <\/div>\n                <\/li>\n                            <li class=\"align-items-center col-20 col-lg-6 d-flex flex-column px-lg-6 py-6\" style=\"margin-bottom: 20px;\">\n                    <div class=\"row\">\n                        <div class=\"col-md-6\" style=\"margin-top:12px; margin-bottom: 12px;\">\n                            <div class=\"new-photo\">\n                                                                                                        <a href=\"https:\/\/educartenatureza.uab.pt\/es\/naturaleza-en-movimiento\/\">\n                                        <img decoding=\"async\" src=\"https:\/\/educartenatureza.uab.pt\/es\/wp-content\/uploads\/sites\/38\/2025\/01\/Imagem-WhatsApp-2024-10-19-as-17.48.22_7713e8c8.jpg\"width=\"2000\"height=\"1500\"class=\"attachment-full size-full img-fluid image-expand\"alt=\"\"srcset=\"https:\/\/educartenatureza.uab.pt\/es\/wp-content\/uploads\/sites\/38\/2025\/01\/Imagem-WhatsApp-2024-10-19-as-17.48.22_7713e8c8.jpg 2000w, https:\/\/educartenatureza.uab.pt\/es\/wp-content\/uploads\/sites\/38\/2025\/01\/Imagem-WhatsApp-2024-10-19-as-17.48.22_7713e8c8-300x225.jpg 300w, https:\/\/educartenatureza.uab.pt\/es\/wp-content\/uploads\/sites\/38\/2025\/01\/Imagem-WhatsApp-2024-10-19-as-17.48.22_7713e8c8-1024x768.jpg 1024w, https:\/\/educartenatureza.uab.pt\/es\/wp-content\/uploads\/sites\/38\/2025\/01\/Imagem-WhatsApp-2024-10-19-as-17.48.22_7713e8c8-768x576.jpg 768w, https:\/\/educartenatureza.uab.pt\/es\/wp-content\/uploads\/sites\/38\/2025\/01\/Imagem-WhatsApp-2024-10-19-as-17.48.22_7713e8c8-1536x1152.jpg 1536w\"sizes=\"auto, (max-width: 2000px) 100vw, 2000px\" class=\"img-fluid\" loading=\"lazy\">\n                                    <\/a>\n                                                            <\/div>\n                        <\/div>\n                        <div class=\"col-md-6 news-details\" style=\"padding-left: 30px; position: relative;\">\n                            <div class=\"news-name\" style=\"color: #41644A; margin-bottom: 10px; margin-top: 10px; font-size: 24px;\">\n                                <a href=\"https:\/\/educartenatureza.uab.pt\/es\/naturaleza-en-movimiento\/\" style=\"text-decoration: none;\">Naturaleza en Movimiento<\/a>\n                            <\/div>\n                            <div class=\"news-excerpt news-excerpt-large\" style=\"font-size: 16px; margin-top: 25px\"><\/div>\n\t\t\t\t\t\t\t\t\t\t\t\t\t\t                        <\/div>\n                    <\/div>\n                <\/li>\n                            <li class=\"align-items-center col-20 col-lg-6 d-flex flex-column px-lg-6 py-6\" style=\"margin-bottom: 20px;\">\n                    <div class=\"row\">\n                        <div class=\"col-md-6\" style=\"margin-top:12px; margin-bottom: 12px;\">\n                            <div class=\"new-photo\">\n                                                                                                        <a href=\"https:\/\/educartenatureza.uab.pt\/es\/descubrir-la-biodiversidad-de-los-ecosistemas-mediterraneos\/\">\n                                        <img decoding=\"async\" src=\"https:\/\/educartenatureza.uab.pt\/es\/wp-content\/uploads\/sites\/38\/2024\/07\/Imagem-WhatsApp-2024-07-01-as-12.20.18_558c9a6d.jpg\"width=\"1600\"height=\"900\"class=\"attachment-full size-full img-fluid image-expand\"alt=\"Descubrir la biodiversidad de los ecosistemas mediterr\u00e1neos\"srcset=\"https:\/\/educartenatureza.uab.pt\/es\/wp-content\/uploads\/sites\/38\/2024\/07\/Imagem-WhatsApp-2024-07-01-as-12.20.18_558c9a6d.jpg 1600w, https:\/\/educartenatureza.uab.pt\/es\/wp-content\/uploads\/sites\/38\/2024\/07\/Imagem-WhatsApp-2024-07-01-as-12.20.18_558c9a6d-300x169.jpg 300w, https:\/\/educartenatureza.uab.pt\/es\/wp-content\/uploads\/sites\/38\/2024\/07\/Imagem-WhatsApp-2024-07-01-as-12.20.18_558c9a6d-1024x576.jpg 1024w, https:\/\/educartenatureza.uab.pt\/es\/wp-content\/uploads\/sites\/38\/2024\/07\/Imagem-WhatsApp-2024-07-01-as-12.20.18_558c9a6d-768x432.jpg 768w, https:\/\/educartenatureza.uab.pt\/es\/wp-content\/uploads\/sites\/38\/2024\/07\/Imagem-WhatsApp-2024-07-01-as-12.20.18_558c9a6d-1536x864.jpg 1536w\"sizes=\"auto, (max-width: 1600px) 100vw, 1600px\" class=\"img-fluid\" loading=\"lazy\">\n                                    <\/a>\n                                                            <\/div>\n                        <\/div>\n                        <div class=\"col-md-6 news-details\" style=\"padding-left: 30px; position: relative;\">\n                            <div class=\"news-name\" style=\"color: #41644A; margin-bottom: 10px; margin-top: 10px; font-size: 24px;\">\n                                <a href=\"https:\/\/educartenatureza.uab.pt\/es\/descubrir-la-biodiversidad-de-los-ecosistemas-mediterraneos\/\" style=\"text-decoration: none;\">Descubrir la biodiversidad de los ecosistemas mediterr\u00e1neos<\/a>\n                            <\/div>\n                            <div class=\"news-excerpt news-excerpt-large\" style=\"font-size: 16px; margin-top: 25px\"><\/div>\n\t\t\t\t\t\t\t\t\t\t\t\t\t\t\t\t\t\t\t\t\t\t<div class=\"article-date\" style=\" width: 100%;text-align: left;margin-bottom: 10px;\">\n\t\t\t\t\t\t\t\t\t<h6 style=\"color:#2c6e49\">29 de mayo de 2024<\/h6>\n\t\t\t\t\t\t\t\t<\/div>\n\t\t\t\t\t\t\t                        <\/div>\n                    <\/div>\n                <\/li>\n                            <li class=\"align-items-center col-20 col-lg-6 d-flex flex-column px-lg-6 py-6\" style=\"margin-bottom: 20px;\">\n                    <div class=\"row\">\n                        <div class=\"col-md-6\" style=\"margin-top:12px; margin-bottom: 12px;\">\n                            <div class=\"new-photo\">\n                                                                                                        <a href=\"https:\/\/educartenatureza.uab.pt\/es\/explorando-horizontes-educativo-ambientales\/\">\n                                        <img decoding=\"async\" src=\"https:\/\/educartenatureza.uab.pt\/es\/wp-content\/uploads\/sites\/38\/2024\/07\/Imagem-WhatsApp-2024-05-18-as-15.24.05_8f22e932.jpg\"width=\"2000\"height=\"1126\"class=\"attachment-full size-full img-fluid image-expand\"alt=\"Fundaci\u00f3n Tormes\"srcset=\"https:\/\/educartenatureza.uab.pt\/es\/wp-content\/uploads\/sites\/38\/2024\/07\/Imagem-WhatsApp-2024-05-18-as-15.24.05_8f22e932.jpg 2000w, https:\/\/educartenatureza.uab.pt\/es\/wp-content\/uploads\/sites\/38\/2024\/07\/Imagem-WhatsApp-2024-05-18-as-15.24.05_8f22e932-300x169.jpg 300w, https:\/\/educartenatureza.uab.pt\/es\/wp-content\/uploads\/sites\/38\/2024\/07\/Imagem-WhatsApp-2024-05-18-as-15.24.05_8f22e932-1024x577.jpg 1024w, https:\/\/educartenatureza.uab.pt\/es\/wp-content\/uploads\/sites\/38\/2024\/07\/Imagem-WhatsApp-2024-05-18-as-15.24.05_8f22e932-768x432.jpg 768w, https:\/\/educartenatureza.uab.pt\/es\/wp-content\/uploads\/sites\/38\/2024\/07\/Imagem-WhatsApp-2024-05-18-as-15.24.05_8f22e932-1536x865.jpg 1536w\"sizes=\"auto, (max-width: 2000px) 100vw, 2000px\" class=\"img-fluid\" loading=\"lazy\">\n                                    <\/a>\n                                                            <\/div>\n                        <\/div>\n                        <div class=\"col-md-6 news-details\" style=\"padding-left: 30px; position: relative;\">\n                            <div class=\"news-name\" style=\"color: #41644A; margin-bottom: 10px; margin-top: 10px; font-size: 24px;\">\n                                <a href=\"https:\/\/educartenatureza.uab.pt\/es\/explorando-horizontes-educativo-ambientales\/\" style=\"text-decoration: none;\">Explorando Horizontes Educativo-Ambientales<\/a>\n                            <\/div>\n                            <div class=\"news-excerpt news-excerpt-large\" style=\"font-size: 16px; margin-top: 25px\"><\/div>\n\t\t\t\t\t\t\t\t\t\t\t\t\t\t\t\t\t\t\t\t\t\t<div class=\"article-date\" style=\" width: 100%;text-align: left;margin-bottom: 10px;\">\n\t\t\t\t\t\t\t\t\t<h6 style=\"color:#2c6e49\">18 de mayo de 2024<\/h6>\n\t\t\t\t\t\t\t\t<\/div>\n\t\t\t\t\t\t\t                        <\/div>\n                    <\/div>\n                <\/li>\n                            <li class=\"align-items-center col-20 col-lg-6 d-flex flex-column px-lg-6 py-6\" style=\"margin-bottom: 20px;\">\n                    <div class=\"row\">\n                        <div class=\"col-md-6\" style=\"margin-top:12px; margin-bottom: 12px;\">\n                            <div class=\"new-photo\">\n                                                                                                        <a href=\"https:\/\/educartenatureza.uab.pt\/es\/la-vida-amorosa-de-las-flores-y-sus-polinizadores-en-pocarica\/\">\n                                        <img decoding=\"async\" src=\"https:\/\/educartenatureza.uab.pt\/es\/wp-content\/uploads\/sites\/38\/2024\/04\/Imagem-WhatsApp-2024-04-26-as-17.29.22_e149bc92.jpg\"width=\"1600\"height=\"900\"class=\"attachment-full size-full img-fluid image-expand\"alt=\"Oradores\"srcset=\"https:\/\/educartenatureza.uab.pt\/es\/wp-content\/uploads\/sites\/38\/2024\/04\/Imagem-WhatsApp-2024-04-26-as-17.29.22_e149bc92.jpg 1600w, https:\/\/educartenatureza.uab.pt\/es\/wp-content\/uploads\/sites\/38\/2024\/04\/Imagem-WhatsApp-2024-04-26-as-17.29.22_e149bc92-300x169.jpg 300w, https:\/\/educartenatureza.uab.pt\/es\/wp-content\/uploads\/sites\/38\/2024\/04\/Imagem-WhatsApp-2024-04-26-as-17.29.22_e149bc92-1024x576.jpg 1024w, https:\/\/educartenatureza.uab.pt\/es\/wp-content\/uploads\/sites\/38\/2024\/04\/Imagem-WhatsApp-2024-04-26-as-17.29.22_e149bc92-768x432.jpg 768w, https:\/\/educartenatureza.uab.pt\/es\/wp-content\/uploads\/sites\/38\/2024\/04\/Imagem-WhatsApp-2024-04-26-as-17.29.22_e149bc92-1536x864.jpg 1536w\"sizes=\"auto, (max-width: 1600px) 100vw, 1600px\" class=\"img-fluid\" loading=\"lazy\">\n                                    <\/a>\n                                                            <\/div>\n                        <\/div>\n                        <div class=\"col-md-6 news-details\" style=\"padding-left: 30px; position: relative;\">\n                            <div class=\"news-name\" style=\"color: #41644A; margin-bottom: 10px; margin-top: 10px; font-size: 24px;\">\n                                <a href=\"https:\/\/educartenatureza.uab.pt\/es\/la-vida-amorosa-de-las-flores-y-sus-polinizadores-en-pocarica\/\" style=\"text-decoration: none;\">La vida amorosa de las flores y sus polinizadores en Pocari\u00e7a<\/a>\n                            <\/div>\n                            <div class=\"news-excerpt news-excerpt-large\" style=\"font-size: 16px; margin-top: 25px\"><\/div>\n\t\t\t\t\t\t\t\t\t\t\t\t\t\t\t\t\t\t\t\t\t\t<div class=\"article-date\" style=\" width: 100%;text-align: left;margin-bottom: 10px;\">\n\t\t\t\t\t\t\t\t\t<h6 style=\"color:#2c6e49\">4 de abril de 2024<\/h6>\n\t\t\t\t\t\t\t\t<\/div>\n\t\t\t\t\t\t\t                        <\/div>\n                    <\/div>\n                <\/li>\n                            <li class=\"align-items-center col-20 col-lg-6 d-flex flex-column px-lg-6 py-6\" style=\"margin-bottom: 20px;\">\n                    <div class=\"row\">\n                        <div class=\"col-md-6\" style=\"margin-top:12px; margin-bottom: 12px;\">\n                            <div class=\"new-photo\">\n                                                                                                        <a href=\"https:\/\/educartenatureza.uab.pt\/es\/dia-internacional-de-las-mujeres-y-las-ninas-en-la-ciencia\/\">\n                                        <img decoding=\"async\" src=\"https:\/\/educartenatureza.uab.pt\/es\/wp-content\/uploads\/sites\/38\/2024\/07\/Imagem-WhatsApp-2024-07-01-as-12.52.26_d73a2fa7.jpg\"width=\"1600\"height=\"900\"class=\"attachment-full size-full img-fluid image-expand\"alt=\"\"srcset=\"https:\/\/educartenatureza.uab.pt\/es\/wp-content\/uploads\/sites\/38\/2024\/07\/Imagem-WhatsApp-2024-07-01-as-12.52.26_d73a2fa7.jpg 1600w, https:\/\/educartenatureza.uab.pt\/es\/wp-content\/uploads\/sites\/38\/2024\/07\/Imagem-WhatsApp-2024-07-01-as-12.52.26_d73a2fa7-300x169.jpg 300w, https:\/\/educartenatureza.uab.pt\/es\/wp-content\/uploads\/sites\/38\/2024\/07\/Imagem-WhatsApp-2024-07-01-as-12.52.26_d73a2fa7-1024x576.jpg 1024w, https:\/\/educartenatureza.uab.pt\/es\/wp-content\/uploads\/sites\/38\/2024\/07\/Imagem-WhatsApp-2024-07-01-as-12.52.26_d73a2fa7-768x432.jpg 768w, https:\/\/educartenatureza.uab.pt\/es\/wp-content\/uploads\/sites\/38\/2024\/07\/Imagem-WhatsApp-2024-07-01-as-12.52.26_d73a2fa7-1536x864.jpg 1536w\"sizes=\"auto, (max-width: 1600px) 100vw, 1600px\" class=\"img-fluid\" loading=\"lazy\">\n                                    <\/a>\n                                                            <\/div>\n                        <\/div>\n                        <div class=\"col-md-6 news-details\" style=\"padding-left: 30px; position: relative;\">\n                            <div class=\"news-name\" style=\"color: #41644A; margin-bottom: 10px; margin-top: 10px; font-size: 24px;\">\n                                <a href=\"https:\/\/educartenatureza.uab.pt\/es\/dia-internacional-de-las-mujeres-y-las-ninas-en-la-ciencia\/\" style=\"text-decoration: none;\">D\u00eda Internacional de las Mujeres y las Ni\u00f1as en la Ciencia<\/a>\n                            <\/div>\n                            <div class=\"news-excerpt news-excerpt-large\" style=\"font-size: 16px; margin-top: 25px\"><\/div>\n\t\t\t\t\t\t\t\t\t\t\t\t\t\t\t\t\t\t\t\t\t\t<div class=\"article-date\" style=\" width: 100%;text-align: left;margin-bottom: 10px;\">\n\t\t\t\t\t\t\t\t\t<h6 style=\"color:#2c6e49\">23 de febrero de 2024<\/h6>\n\t\t\t\t\t\t\t\t<\/div>\n\t\t\t\t\t\t\t                        <\/div>\n                    <\/div>\n                <\/li>\n                            <li class=\"align-items-center col-20 col-lg-6 d-flex flex-column px-lg-6 py-6\" style=\"margin-bottom: 20px;\">\n                    <div class=\"row\">\n                        <div class=\"col-md-6\" style=\"margin-top:12px; margin-bottom: 12px;\">\n                            <div class=\"new-photo\">\n                                                                                                        <a href=\"https:\/\/educartenatureza.uab.pt\/es\/educrtenatureza-en-los-premios-grundtvig-2023-de-la-aeeea-buenas-practicas-en-la-transicion-ecologica\/\">\n                                        <img decoding=\"async\" src=\"https:\/\/educartenatureza.uab.pt\/es\/wp-content\/uploads\/sites\/38\/2023\/11\/eaea-educarte.png\"width=\"759\"height=\"1080\"class=\"attachment-full size-full img-fluid image-expand\"alt=\"\"srcset=\"https:\/\/educartenatureza.uab.pt\/es\/wp-content\/uploads\/sites\/38\/2023\/11\/eaea-educarte.png 759w, https:\/\/educartenatureza.uab.pt\/es\/wp-content\/uploads\/sites\/38\/2023\/11\/eaea-educarte-211x300.png 211w, https:\/\/educartenatureza.uab.pt\/es\/wp-content\/uploads\/sites\/38\/2023\/11\/eaea-educarte-720x1024.png 720w\"sizes=\"auto, (max-width: 759px) 100vw, 759px\" class=\"img-fluid\" loading=\"lazy\">\n                                    <\/a>\n                                                            <\/div>\n                        <\/div>\n                        <div class=\"col-md-6 news-details\" style=\"padding-left: 30px; position: relative;\">\n                            <div class=\"news-name\" style=\"color: #41644A; margin-bottom: 10px; margin-top: 10px; font-size: 24px;\">\n                                <a href=\"https:\/\/educartenatureza.uab.pt\/es\/educrtenatureza-en-los-premios-grundtvig-2023-de-la-aeeea-buenas-practicas-en-la-transicion-ecologica\/\" style=\"text-decoration: none;\">Educ@rteNatureza en los Premios Grundtvig 2023 de la EAEA: buenas pr\u00e1cticas en la transici\u00f3n ecol\u00f3gica<\/a>\n                            <\/div>\n                            <div class=\"news-excerpt news-excerpt-large\" style=\"font-size: 16px; margin-top: 25px\"><\/div>\n\t\t\t\t\t\t\t\t\t\t\t\t\t\t                        <\/div>\n                    <\/div>\n                <\/li>\n                            <li class=\"align-items-center col-20 col-lg-6 d-flex flex-column px-lg-6 py-6\" style=\"margin-bottom: 20px;\">\n                    <div class=\"row\">\n                        <div class=\"col-md-6\" style=\"margin-top:12px; margin-bottom: 12px;\">\n                            <div class=\"new-photo\">\n                                                                                                        <a href=\"https:\/\/educartenatureza.uab.pt\/es\/7281-2\/\">\n                                        <img decoding=\"async\" src=\"https:\/\/educartenatureza.uab.pt\/es\/wp-content\/uploads\/sites\/38\/2023\/11\/Imagem-WhatsApp-2023-11-25-as-20.02.57_99bc73a7.jpg\"width=\"1600\"height=\"1200\"class=\"attachment-full size-full img-fluid image-expand\"alt=\"\"srcset=\"https:\/\/educartenatureza.uab.pt\/es\/wp-content\/uploads\/sites\/38\/2023\/11\/Imagem-WhatsApp-2023-11-25-as-20.02.57_99bc73a7.jpg 1600w, https:\/\/educartenatureza.uab.pt\/es\/wp-content\/uploads\/sites\/38\/2023\/11\/Imagem-WhatsApp-2023-11-25-as-20.02.57_99bc73a7-300x225.jpg 300w, https:\/\/educartenatureza.uab.pt\/es\/wp-content\/uploads\/sites\/38\/2023\/11\/Imagem-WhatsApp-2023-11-25-as-20.02.57_99bc73a7-1024x768.jpg 1024w, https:\/\/educartenatureza.uab.pt\/es\/wp-content\/uploads\/sites\/38\/2023\/11\/Imagem-WhatsApp-2023-11-25-as-20.02.57_99bc73a7-768x576.jpg 768w, https:\/\/educartenatureza.uab.pt\/es\/wp-content\/uploads\/sites\/38\/2023\/11\/Imagem-WhatsApp-2023-11-25-as-20.02.57_99bc73a7-1536x1152.jpg 1536w\"sizes=\"auto, (max-width: 1600px) 100vw, 1600px\" class=\"img-fluid\" loading=\"lazy\">\n                                    <\/a>\n                                                            <\/div>\n                        <\/div>\n                        <div class=\"col-md-6 news-details\" style=\"padding-left: 30px; position: relative;\">\n                            <div class=\"news-name\" style=\"color: #41644A; margin-bottom: 10px; margin-top: 10px; font-size: 24px;\">\n                                <a href=\"https:\/\/educartenatureza.uab.pt\/es\/7281-2\/\" style=\"text-decoration: none;\">II Educ@rteNatureza: Recorrido Micol\u00f3gico<\/a>\n                            <\/div>\n                            <div class=\"news-excerpt news-excerpt-large\" style=\"font-size: 16px; margin-top: 25px\"><\/div>\n\t\t\t\t\t\t\t\t\t\t\t\t\t\t\t\t\t\t\t\t\t\t<div class=\"article-date\" style=\" width: 100%;text-align: left;margin-bottom: 10px;\">\n\t\t\t\t\t\t\t\t\t<h6 style=\"color:#2c6e49\">25 de noviembre de 2023<\/h6>\n\t\t\t\t\t\t\t\t<\/div>\n\t\t\t\t\t\t\t                        <\/div>\n                    <\/div>\n                <\/li>\n                            <li class=\"align-items-center col-20 col-lg-6 d-flex flex-column px-lg-6 py-6\" style=\"margin-bottom: 20px;\">\n                    <div class=\"row\">\n                        <div class=\"col-md-6\" style=\"margin-top:12px; margin-bottom: 12px;\">\n                            <div class=\"new-photo\">\n                                                                                                        <a href=\"https:\/\/educartenatureza.uab.pt\/es\/educrtenatureza-recorrido-micologico\/\">\n                                        <img decoding=\"async\" src=\"https:\/\/educartenatureza.uab.pt\/es\/wp-content\/uploads\/sites\/38\/2023\/11\/DSC_0969-scaled.jpg\"width=\"2560\"height=\"1707\"class=\"attachment-full size-full img-fluid image-expand\"alt=\"\"srcset=\"https:\/\/educartenatureza.uab.pt\/es\/wp-content\/uploads\/sites\/38\/2023\/11\/DSC_0969-scaled.jpg 2560w, https:\/\/educartenatureza.uab.pt\/es\/wp-content\/uploads\/sites\/38\/2023\/11\/DSC_0969-300x200.jpg 300w, https:\/\/educartenatureza.uab.pt\/es\/wp-content\/uploads\/sites\/38\/2023\/11\/DSC_0969-1024x683.jpg 1024w, https:\/\/educartenatureza.uab.pt\/es\/wp-content\/uploads\/sites\/38\/2023\/11\/DSC_0969-768x512.jpg 768w, https:\/\/educartenatureza.uab.pt\/es\/wp-content\/uploads\/sites\/38\/2023\/11\/DSC_0969-1536x1024.jpg 1536w, https:\/\/educartenatureza.uab.pt\/es\/wp-content\/uploads\/sites\/38\/2023\/11\/DSC_0969-2048x1365.jpg 2048w\"sizes=\"auto, (max-width: 2560px) 100vw, 2560px\" class=\"img-fluid\" loading=\"lazy\">\n                                    <\/a>\n                                                            <\/div>\n                        <\/div>\n                        <div class=\"col-md-6 news-details\" style=\"padding-left: 30px; position: relative;\">\n                            <div class=\"news-name\" style=\"color: #41644A; margin-bottom: 10px; margin-top: 10px; font-size: 24px;\">\n                                <a href=\"https:\/\/educartenatureza.uab.pt\/es\/educrtenatureza-recorrido-micologico\/\" style=\"text-decoration: none;\">Educ@rteNatureza: Recorrido micol\u00f3gico<\/a>\n                            <\/div>\n                            <div class=\"news-excerpt news-excerpt-large\" style=\"font-size: 16px; margin-top: 25px\"><\/div>\n\t\t\t\t\t\t\t\t\t\t\t\t\t\t\t\t\t\t\t\t\t\t<div class=\"article-date\" style=\" width: 100%;text-align: left;margin-bottom: 10px;\">\n\t\t\t\t\t\t\t\t\t<h6 style=\"color:#2c6e49\">10 de noviembre de 2023<\/h6>\n\t\t\t\t\t\t\t\t<\/div>\n\t\t\t\t\t\t\t                        <\/div>\n                    <\/div>\n                <\/li>\n                            <li class=\"align-items-center col-20 col-lg-6 d-flex flex-column px-lg-6 py-6\" style=\"margin-bottom: 20px;\">\n                    <div class=\"row\">\n                        <div class=\"col-md-6\" style=\"margin-top:12px; margin-bottom: 12px;\">\n                            <div class=\"new-photo\">\n                                                                                                        <a href=\"https:\/\/educartenatureza.uab.pt\/es\/ii-encuentro-educrtenatureza-o-tronco\/\">\n                                        <img decoding=\"async\" src=\"https:\/\/educartenatureza.uab.pt\/es\/wp-content\/uploads\/sites\/38\/2023\/10\/375216074_10224896300575745_6265900176802400222_n.jpg\"width=\"2048\"height=\"1536\"class=\"attachment-full size-full img-fluid image-expand\"alt=\"\"srcset=\"https:\/\/educartenatureza.uab.pt\/es\/wp-content\/uploads\/sites\/38\/2023\/10\/375216074_10224896300575745_6265900176802400222_n.jpg 2048w, https:\/\/educartenatureza.uab.pt\/es\/wp-content\/uploads\/sites\/38\/2023\/10\/375216074_10224896300575745_6265900176802400222_n-300x225.jpg 300w, https:\/\/educartenatureza.uab.pt\/es\/wp-content\/uploads\/sites\/38\/2023\/10\/375216074_10224896300575745_6265900176802400222_n-1024x768.jpg 1024w, https:\/\/educartenatureza.uab.pt\/es\/wp-content\/uploads\/sites\/38\/2023\/10\/375216074_10224896300575745_6265900176802400222_n-768x576.jpg 768w, https:\/\/educartenatureza.uab.pt\/es\/wp-content\/uploads\/sites\/38\/2023\/10\/375216074_10224896300575745_6265900176802400222_n-1536x1152.jpg 1536w\"sizes=\"auto, (max-width: 2048px) 100vw, 2048px\" class=\"img-fluid\" loading=\"lazy\">\n                                    <\/a>\n                                                            <\/div>\n                        <\/div>\n                        <div class=\"col-md-6 news-details\" style=\"padding-left: 30px; position: relative;\">\n                            <div class=\"news-name\" style=\"color: #41644A; margin-bottom: 10px; margin-top: 10px; font-size: 24px;\">\n                                <a href=\"https:\/\/educartenatureza.uab.pt\/es\/ii-encuentro-educrtenatureza-o-tronco\/\" style=\"text-decoration: none;\">II Encuentro Educ@rteNatureza &#8211; O Tronco<\/a>\n                            <\/div>\n                            <div class=\"news-excerpt news-excerpt-large\" style=\"font-size: 16px; margin-top: 25px\"><\/div>\n\t\t\t\t\t\t\t\t\t\t\t\t\t\t\t\t\t\t\t\t\t\t<div class=\"article-date\" style=\" width: 100%;text-align: left;margin-bottom: 10px;\">\n\t\t\t\t\t\t\t\t\t<h6 style=\"color:#2c6e49\">6 de septiembre de 2023<\/h6>\n\t\t\t\t\t\t\t\t<\/div>\n\t\t\t\t\t\t\t                        <\/div>\n                    <\/div>\n                <\/li>\n                            <li class=\"align-items-center col-20 col-lg-6 d-flex flex-column px-lg-6 py-6\" style=\"margin-bottom: 20px;\">\n                    <div class=\"row\">\n                        <div class=\"col-md-6\" style=\"margin-top:12px; margin-bottom: 12px;\">\n                            <div class=\"new-photo\">\n                                                                                                        <a href=\"https:\/\/educartenatureza.uab.pt\/es\/i-encontro-educrtenatureza-as-raizes\/\">\n                                        <img decoding=\"async\" src=\"https:\/\/educartenatureza.uab.pt\/es\/wp-content\/uploads\/sites\/38\/2023\/08\/IMGL2170-scaled-e1692040645469.jpg\"width=\"2560\"height=\"1381\"class=\"attachment-full size-full img-fluid image-expand\"alt=\"I Encontro Educ@rteNatureza \u2013 As ra\u00edzes\"srcset=\"https:\/\/educartenatureza.uab.pt\/es\/wp-content\/uploads\/sites\/38\/2023\/08\/IMGL2170-scaled-e1692040645469.jpg 2560w, https:\/\/educartenatureza.uab.pt\/es\/wp-content\/uploads\/sites\/38\/2023\/08\/IMGL2170-scaled-e1692040645469-300x162.jpg 300w, https:\/\/educartenatureza.uab.pt\/es\/wp-content\/uploads\/sites\/38\/2023\/08\/IMGL2170-scaled-e1692040645469-1024x552.jpg 1024w, https:\/\/educartenatureza.uab.pt\/es\/wp-content\/uploads\/sites\/38\/2023\/08\/IMGL2170-scaled-e1692040645469-768x414.jpg 768w, https:\/\/educartenatureza.uab.pt\/es\/wp-content\/uploads\/sites\/38\/2023\/08\/IMGL2170-scaled-e1692040645469-1536x829.jpg 1536w, https:\/\/educartenatureza.uab.pt\/es\/wp-content\/uploads\/sites\/38\/2023\/08\/IMGL2170-scaled-e1692040645469-2048x1105.jpg 2048w\"sizes=\"auto, (max-width: 2560px) 100vw, 2560px\" class=\"img-fluid\" loading=\"lazy\">\n                                    <\/a>\n                                                            <\/div>\n                        <\/div>\n                        <div class=\"col-md-6 news-details\" style=\"padding-left: 30px; position: relative;\">\n                            <div class=\"news-name\" style=\"color: #41644A; margin-bottom: 10px; margin-top: 10px; font-size: 24px;\">\n                                <a href=\"https:\/\/educartenatureza.uab.pt\/es\/i-encontro-educrtenatureza-as-raizes\/\" style=\"text-decoration: none;\">I Encontro Educ@rteNatureza \u2013 As ra\u00edzes<\/a>\n                            <\/div>\n                            <div class=\"news-excerpt news-excerpt-large\" style=\"font-size: 16px; margin-top: 25px\"><\/div>\n\t\t\t\t\t\t\t\t\t\t\t\t\t\t\t\t\t\t\t\t\t\t<div class=\"article-date\" style=\" width: 100%;text-align: left;margin-bottom: 10px;\">\n\t\t\t\t\t\t\t\t\t<h6 style=\"color:#2c6e49\">6 de julio de 2023<\/h6>\n\t\t\t\t\t\t\t\t<\/div>\n\t\t\t\t\t\t\t                        <\/div>\n                    <\/div>\n                <\/li>\n                            <li class=\"align-items-center col-20 col-lg-6 d-flex flex-column px-lg-6 py-6\" style=\"margin-bottom: 20px;\">\n                    <div class=\"row\">\n                        <div class=\"col-md-6\" style=\"margin-top:12px; margin-bottom: 12px;\">\n                            <div class=\"new-photo\">\n                                                                                                        <a href=\"https:\/\/educartenatureza.uab.pt\/es\/scratch-uma-linguagem-para-digitalizar-a-natureza\/\">\n                                        <img decoding=\"async\" src=\"https:\/\/educartenatureza.uab.pt\/es\/wp-content\/uploads\/sites\/38\/2023\/07\/Scratch.png\"width=\"1920\"height=\"811\"class=\"attachment-full size-full img-fluid image-expand\"alt=\"Scratch - Linguagem de Programa\u00e7\u00e3o\"srcset=\"https:\/\/educartenatureza.uab.pt\/es\/wp-content\/uploads\/sites\/38\/2023\/07\/Scratch.png 1920w, https:\/\/educartenatureza.uab.pt\/es\/wp-content\/uploads\/sites\/38\/2023\/07\/Scratch-300x127.png 300w, https:\/\/educartenatureza.uab.pt\/es\/wp-content\/uploads\/sites\/38\/2023\/07\/Scratch-1024x433.png 1024w, https:\/\/educartenatureza.uab.pt\/es\/wp-content\/uploads\/sites\/38\/2023\/07\/Scratch-768x324.png 768w, https:\/\/educartenatureza.uab.pt\/es\/wp-content\/uploads\/sites\/38\/2023\/07\/Scratch-1536x649.png 1536w\"sizes=\"auto, (max-width: 1920px) 100vw, 1920px\" class=\"img-fluid\" loading=\"lazy\">\n                                    <\/a>\n                                                            <\/div>\n                        <\/div>\n                        <div class=\"col-md-6 news-details\" style=\"padding-left: 30px; position: relative;\">\n                            <div class=\"news-name\" style=\"color: #41644A; margin-bottom: 10px; margin-top: 10px; font-size: 24px;\">\n                                <a href=\"https:\/\/educartenatureza.uab.pt\/es\/scratch-uma-linguagem-para-digitalizar-a-natureza\/\" style=\"text-decoration: none;\">Scratch &#8211; uma linguagem para digitalizar a natureza<\/a>\n                            <\/div>\n                            <div class=\"news-excerpt news-excerpt-large\" style=\"font-size: 16px; margin-top: 25px\"><\/div>\n\t\t\t\t\t\t\t\t\t\t\t\t\t\t                        <\/div>\n                    <\/div>\n                <\/li>\n                            <li class=\"align-items-center col-20 col-lg-6 d-flex flex-column px-lg-6 py-6\" style=\"margin-bottom: 20px;\">\n                    <div class=\"row\">\n                        <div class=\"col-md-6\" style=\"margin-top:12px; margin-bottom: 12px;\">\n                            <div class=\"new-photo\">\n                                                                                                        <a href=\"https:\/\/educartenatureza.uab.pt\/es\/eduardo-sa-brincar-e-tao-importante-quanto-aprender\/\">\n                                        <img decoding=\"async\" src=\"https:\/\/educartenatureza.uab.pt\/es\/wp-content\/uploads\/sites\/38\/2023\/06\/eduardo-sa.jpg\"width=\"750\"height=\"470\"class=\"attachment-full size-full img-fluid image-expand\"alt=\"\"srcset=\"https:\/\/educartenatureza.uab.pt\/es\/wp-content\/uploads\/sites\/38\/2023\/06\/eduardo-sa.jpg 750w, https:\/\/educartenatureza.uab.pt\/es\/wp-content\/uploads\/sites\/38\/2023\/06\/eduardo-sa-300x188.jpg 300w\"sizes=\"auto, (max-width: 750px) 100vw, 750px\" class=\"img-fluid\" loading=\"lazy\">\n                                    <\/a>\n                                                            <\/div>\n                        <\/div>\n                        <div class=\"col-md-6 news-details\" style=\"padding-left: 30px; position: relative;\">\n                            <div class=\"news-name\" style=\"color: #41644A; margin-bottom: 10px; margin-top: 10px; font-size: 24px;\">\n                                <a href=\"https:\/\/educartenatureza.uab.pt\/es\/eduardo-sa-brincar-e-tao-importante-quanto-aprender\/\" style=\"text-decoration: none;\">Eduardo S\u00e1: \u00abBrincar \u00e9 t\u00e3o importante quanto aprender\u00bb<\/a>\n                            <\/div>\n                            <div class=\"news-excerpt news-excerpt-large\" style=\"font-size: 16px; margin-top: 25px\">Entrevista a Eduardo S\u00e1, o psic\u00f3logo cl\u00ednico que defende que a brincadeira deveria ser elevada a patrim\u00f3nio da humanidade.<\/div>\n\t\t\t\t\t\t\t\t\t\t\t\t\t\t                        <\/div>\n                    <\/div>\n                <\/li>\n                            <li class=\"align-items-center col-20 col-lg-6 d-flex flex-column px-lg-6 py-6\" style=\"margin-bottom: 20px;\">\n                    <div class=\"row\">\n                        <div class=\"col-md-6\" style=\"margin-top:12px; margin-bottom: 12px;\">\n                            <div class=\"new-photo\">\n                                                                                                        <a href=\"https:\/\/educartenatureza.uab.pt\/es\/escola-da-floresta-para-aprender-e-preciso-enterrar-os-pes-na-lama\/\">\n                                        <img decoding=\"async\" src=\"https:\/\/educartenatureza.uab.pt\/es\/wp-content\/uploads\/sites\/38\/2023\/06\/4w3a6105_1280x640_acf_cropped.jpg\"width=\"1280\"height=\"640\"class=\"attachment-full size-full img-fluid image-expand\"alt=\"\"srcset=\"https:\/\/educartenatureza.uab.pt\/es\/wp-content\/uploads\/sites\/38\/2023\/06\/4w3a6105_1280x640_acf_cropped.jpg 1280w, https:\/\/educartenatureza.uab.pt\/es\/wp-content\/uploads\/sites\/38\/2023\/06\/4w3a6105_1280x640_acf_cropped-300x150.jpg 300w, https:\/\/educartenatureza.uab.pt\/es\/wp-content\/uploads\/sites\/38\/2023\/06\/4w3a6105_1280x640_acf_cropped-1024x512.jpg 1024w, https:\/\/educartenatureza.uab.pt\/es\/wp-content\/uploads\/sites\/38\/2023\/06\/4w3a6105_1280x640_acf_cropped-768x384.jpg 768w\"sizes=\"auto, (max-width: 1280px) 100vw, 1280px\" class=\"img-fluid\" loading=\"lazy\">\n                                    <\/a>\n                                                            <\/div>\n                        <\/div>\n                        <div class=\"col-md-6 news-details\" style=\"padding-left: 30px; position: relative;\">\n                            <div class=\"news-name\" style=\"color: #41644A; margin-bottom: 10px; margin-top: 10px; font-size: 24px;\">\n                                <a href=\"https:\/\/educartenatureza.uab.pt\/es\/escola-da-floresta-para-aprender-e-preciso-enterrar-os-pes-na-lama\/\" style=\"text-decoration: none;\">Escola da Floresta. Para aprender \u00e9 preciso enterrar os p\u00e9s na\u00a0lama<\/a>\n                            <\/div>\n                            <div class=\"news-excerpt news-excerpt-large\" style=\"font-size: 16px; margin-top: 25px\">O namoro com a Parques de Sintra era antigo, mas o financiamento da Gulbenkian foi decisivo. A Escola da Floresta nasceu para ligar os mi\u00fados \u00e0 natureza e eles aprendem enquanto abra\u00e7am \u00e1rvores.<\/div>\n\t\t\t\t\t\t\t\t\t\t\t\t\t\t\t\t\t\t\t\t\t\t<div class=\"article-date\" style=\" width: 100%;text-align: left;margin-bottom: 10px;\">\n\t\t\t\t\t\t\t\t\t<h6 style=\"color:#2c6e49\">6 de marzo de 2019<\/h6>\n\t\t\t\t\t\t\t\t<\/div>\n\t\t\t\t\t\t\t                        <\/div>\n                    <\/div>\n                <\/li>\n                            <li class=\"align-items-center col-20 col-lg-6 d-flex flex-column px-lg-6 py-6\" style=\"margin-bottom: 20px;\">\n                    <div class=\"row\">\n                        <div class=\"col-md-6\" style=\"margin-top:12px; margin-bottom: 12px;\">\n                            <div class=\"new-photo\">\n                                                                                                        <a href=\"https:\/\/educartenatureza.uab.pt\/es\/criancas-tomam-conta-de-terrenos-baldios-e-os-transformam-em-jardins-hortas-e-areas-de-leitura\/\">\n                                        <img decoding=\"async\" src=\"https:\/\/educartenatureza.uab.pt\/es\/wp-content\/uploads\/sites\/38\/2023\/06\/101816214_ania-losguardianesdecomasfotografiadesyreevaldiviezopalacios.jpg\"width=\"800\"height=\"450\"class=\"attachment-full size-full img-fluid image-expand\"alt=\"\"srcset=\"https:\/\/educartenatureza.uab.pt\/es\/wp-content\/uploads\/sites\/38\/2023\/06\/101816214_ania-losguardianesdecomasfotografiadesyreevaldiviezopalacios.jpg 800w, https:\/\/educartenatureza.uab.pt\/es\/wp-content\/uploads\/sites\/38\/2023\/06\/101816214_ania-losguardianesdecomasfotografiadesyreevaldiviezopalacios-300x169.jpg 300w, https:\/\/educartenatureza.uab.pt\/es\/wp-content\/uploads\/sites\/38\/2023\/06\/101816214_ania-losguardianesdecomasfotografiadesyreevaldiviezopalacios-768x432.jpg 768w\"sizes=\"auto, (max-width: 800px) 100vw, 800px\" class=\"img-fluid\" loading=\"lazy\">\n                                    <\/a>\n                                                            <\/div>\n                        <\/div>\n                        <div class=\"col-md-6 news-details\" style=\"padding-left: 30px; position: relative;\">\n                            <div class=\"news-name\" style=\"color: #41644A; margin-bottom: 10px; margin-top: 10px; font-size: 24px;\">\n                                <a href=\"https:\/\/educartenatureza.uab.pt\/es\/criancas-tomam-conta-de-terrenos-baldios-e-os-transformam-em-jardins-hortas-e-areas-de-leitura\/\" style=\"text-decoration: none;\">Crian\u00e7as tomam conta de terrenos baldios e os transformam em jardins, hortas e \u00e1reas de leitura<\/a>\n                            <\/div>\n                            <div class=\"news-excerpt news-excerpt-large\" style=\"font-size: 16px; margin-top: 25px\">\u00c1rea abandonada e cheia de lixo na periferia de Lima foi transformada pelas crian\u00e7as em um bosque, como parte do projeto Tierra de Ni\u00f1os<\/div>\n\t\t\t\t\t\t\t\t\t\t\t\t\t\t                        <\/div>\n                    <\/div>\n                <\/li>\n                            <li class=\"align-items-center col-20 col-lg-6 d-flex flex-column px-lg-6 py-6\" style=\"margin-bottom: 20px;\">\n                    <div class=\"row\">\n                        <div class=\"col-md-6\" style=\"margin-top:12px; margin-bottom: 12px;\">\n                            <div class=\"new-photo\">\n                                                                                                        <a href=\"https:\/\/educartenatureza.uab.pt\/es\/children-have-a-right-to-unstructured-play\/\">\n                                        <img decoding=\"async\" src=\"https:\/\/educartenatureza.uab.pt\/es\/wp-content\/uploads\/sites\/38\/2023\/06\/blur-boy-casual-346797.webp\"width=\"1024\"height=\"683\"class=\"attachment-full size-full img-fluid image-expand\"alt=\"\"srcset=\"https:\/\/educartenatureza.uab.pt\/es\/wp-content\/uploads\/sites\/38\/2023\/06\/blur-boy-casual-346797.webp 1024w, https:\/\/educartenatureza.uab.pt\/es\/wp-content\/uploads\/sites\/38\/2023\/06\/blur-boy-casual-346797-300x200.webp 300w, https:\/\/educartenatureza.uab.pt\/es\/wp-content\/uploads\/sites\/38\/2023\/06\/blur-boy-casual-346797-768x512.webp 768w\"sizes=\"auto, (max-width: 1024px) 100vw, 1024px\" class=\"img-fluid\" loading=\"lazy\">\n                                    <\/a>\n                                                            <\/div>\n                        <\/div>\n                        <div class=\"col-md-6 news-details\" style=\"padding-left: 30px; position: relative;\">\n                            <div class=\"news-name\" style=\"color: #41644A; margin-bottom: 10px; margin-top: 10px; font-size: 24px;\">\n                                <a href=\"https:\/\/educartenatureza.uab.pt\/es\/children-have-a-right-to-unstructured-play\/\" style=\"text-decoration: none;\">Children Have a Right to Unstructured Play<\/a>\n                            <\/div>\n                            <div class=\"news-excerpt news-excerpt-large\" style=\"font-size: 16px; margin-top: 25px\">One of the greatest threats to children in the 21st century is the lack of free play. Children\u2019s days are filled with preschool\/school, lessons, activities, and device use. <\/div>\n\t\t\t\t\t\t\t\t\t\t\t\t\t\t                        <\/div>\n                    <\/div>\n                <\/li>\n                            <li class=\"align-items-center col-20 col-lg-6 d-flex flex-column px-lg-6 py-6\" style=\"margin-bottom: 20px;\">\n                    <div class=\"row\">\n                        <div class=\"col-md-6\" style=\"margin-top:12px; margin-bottom: 12px;\">\n                            <div class=\"new-photo\">\n                                                                                                        <a href=\"https:\/\/educartenatureza.uab.pt\/es\/e-se-lhe-disserem-que-os-recreios-mais-amigos-da-crianca-sao-aqueles-menos-protegidos\/\">\n                                        <img decoding=\"async\" src=\"https:\/\/educartenatureza.uab.pt\/es\/wp-content\/uploads\/sites\/38\/2023\/06\/e-se-lhe-disserem-que-os-recreios-mais-amigos-da-crianca-sao-aqueles-menos-protegidos-2-1024x669-1.jpeg\"width=\"1024\"height=\"669\"class=\"attachment-full size-full img-fluid image-expand\"alt=\"\"srcset=\"https:\/\/educartenatureza.uab.pt\/es\/wp-content\/uploads\/sites\/38\/2023\/06\/e-se-lhe-disserem-que-os-recreios-mais-amigos-da-crianca-sao-aqueles-menos-protegidos-2-1024x669-1.jpeg 1024w, https:\/\/educartenatureza.uab.pt\/es\/wp-content\/uploads\/sites\/38\/2023\/06\/e-se-lhe-disserem-que-os-recreios-mais-amigos-da-crianca-sao-aqueles-menos-protegidos-2-1024x669-1-300x196.jpeg 300w, https:\/\/educartenatureza.uab.pt\/es\/wp-content\/uploads\/sites\/38\/2023\/06\/e-se-lhe-disserem-que-os-recreios-mais-amigos-da-crianca-sao-aqueles-menos-protegidos-2-1024x669-1-768x502.jpeg 768w\"sizes=\"auto, (max-width: 1024px) 100vw, 1024px\" class=\"img-fluid\" loading=\"lazy\">\n                                    <\/a>\n                                                            <\/div>\n                        <\/div>\n                        <div class=\"col-md-6 news-details\" style=\"padding-left: 30px; position: relative;\">\n                            <div class=\"news-name\" style=\"color: #41644A; margin-bottom: 10px; margin-top: 10px; font-size: 24px;\">\n                                <a href=\"https:\/\/educartenatureza.uab.pt\/es\/e-se-lhe-disserem-que-os-recreios-mais-amigos-da-crianca-sao-aqueles-menos-protegidos\/\" style=\"text-decoration: none;\">E se lhe disserem que os recreios mais amigos da crian\u00e7a s\u00e3o aqueles menos protegidos?<\/a>\n                            <\/div>\n                            <div class=\"news-excerpt news-excerpt-large\" style=\"font-size: 16px; margin-top: 25px\">Soa a provoca\u00e7\u00e3o, mas acumulam-se as evid\u00eancias cient\u00edficas a favor desta tese<\/div>\n\t\t\t\t\t\t\t\t\t\t\t\t\t\t                        <\/div>\n                    <\/div>\n                <\/li>\n                            <li class=\"align-items-center col-20 col-lg-6 d-flex flex-column px-lg-6 py-6\" style=\"margin-bottom: 20px;\">\n                    <div class=\"row\">\n                        <div class=\"col-md-6\" style=\"margin-top:12px; margin-bottom: 12px;\">\n                            <div class=\"new-photo\">\n                                                                                                        <a href=\"https:\/\/educartenatureza.uab.pt\/es\/contato-com-a-natureza-e-essencial-para-o-desenvolvimento-da-crianca\/\">\n                                        <img decoding=\"async\" src=\"https:\/\/educartenatureza.uab.pt\/es\/wp-content\/uploads\/sites\/38\/2023\/06\/7b150f6a-04b0-4c02-a74f-fb0b81b1124e.webp\"width=\"984\"height=\"653\"class=\"attachment-full size-full img-fluid image-expand\"alt=\"\"srcset=\"https:\/\/educartenatureza.uab.pt\/es\/wp-content\/uploads\/sites\/38\/2023\/06\/7b150f6a-04b0-4c02-a74f-fb0b81b1124e.webp 984w, https:\/\/educartenatureza.uab.pt\/es\/wp-content\/uploads\/sites\/38\/2023\/06\/7b150f6a-04b0-4c02-a74f-fb0b81b1124e-300x199.webp 300w, https:\/\/educartenatureza.uab.pt\/es\/wp-content\/uploads\/sites\/38\/2023\/06\/7b150f6a-04b0-4c02-a74f-fb0b81b1124e-768x510.webp 768w\"sizes=\"auto, (max-width: 984px) 100vw, 984px\" class=\"img-fluid\" loading=\"lazy\">\n                                    <\/a>\n                                                            <\/div>\n                        <\/div>\n                        <div class=\"col-md-6 news-details\" style=\"padding-left: 30px; position: relative;\">\n                            <div class=\"news-name\" style=\"color: #41644A; margin-bottom: 10px; margin-top: 10px; font-size: 24px;\">\n                                <a href=\"https:\/\/educartenatureza.uab.pt\/es\/contato-com-a-natureza-e-essencial-para-o-desenvolvimento-da-crianca\/\" style=\"text-decoration: none;\">Contato com a natureza \u00e9 essencial para o desenvolvimento da crian\u00e7a<\/a>\n                            <\/div>\n                            <div class=\"news-excerpt news-excerpt-large\" style=\"font-size: 16px; margin-top: 25px\">Rela\u00e7\u00e3o com o meio ambiente desde a primeira inf\u00e2ncia pode trazer benef\u00edcios f\u00edsicos, mentais e emocionais.<\/div>\n\t\t\t\t\t\t\t\t\t\t\t\t\t\t                        <\/div>\n                    <\/div>\n                <\/li>\n                            <li class=\"align-items-center col-20 col-lg-6 d-flex flex-column px-lg-6 py-6\" style=\"margin-bottom: 20px;\">\n                    <div class=\"row\">\n                        <div class=\"col-md-6\" style=\"margin-top:12px; margin-bottom: 12px;\">\n                            <div class=\"new-photo\">\n                                                                                                        <a href=\"https:\/\/educartenatureza.uab.pt\/es\/learning-in-the-snow-how-children-develop-through-all-weather-outdoor-play\/\">\n                                        <img decoding=\"async\" src=\"https:\/\/educartenatureza.uab.pt\/es\/wp-content\/uploads\/sites\/38\/2023\/06\/file-20190130-112314-1p15cnq.png\"width=\"1356\"height=\"668\"class=\"attachment-full size-full img-fluid image-expand\"alt=\"\"srcset=\"https:\/\/educartenatureza.uab.pt\/es\/wp-content\/uploads\/sites\/38\/2023\/06\/file-20190130-112314-1p15cnq.png 1356w, https:\/\/educartenatureza.uab.pt\/es\/wp-content\/uploads\/sites\/38\/2023\/06\/file-20190130-112314-1p15cnq-300x148.png 300w, https:\/\/educartenatureza.uab.pt\/es\/wp-content\/uploads\/sites\/38\/2023\/06\/file-20190130-112314-1p15cnq-1024x504.png 1024w, https:\/\/educartenatureza.uab.pt\/es\/wp-content\/uploads\/sites\/38\/2023\/06\/file-20190130-112314-1p15cnq-768x378.png 768w\"sizes=\"auto, (max-width: 1356px) 100vw, 1356px\" class=\"img-fluid\" loading=\"lazy\">\n                                    <\/a>\n                                                            <\/div>\n                        <\/div>\n                        <div class=\"col-md-6 news-details\" style=\"padding-left: 30px; position: relative;\">\n                            <div class=\"news-name\" style=\"color: #41644A; margin-bottom: 10px; margin-top: 10px; font-size: 24px;\">\n                                <a href=\"https:\/\/educartenatureza.uab.pt\/es\/learning-in-the-snow-how-children-develop-through-all-weather-outdoor-play\/\" style=\"text-decoration: none;\">Learning in the snow: How children develop through all-weather outdoor\u00a0play<\/a>\n                            <\/div>\n                            <div class=\"news-excerpt news-excerpt-large\" style=\"font-size: 16px; margin-top: 25px\">Oh, to be a child again! To find joy in the newness of each day and be in awe of what lies waiting to be discovered.<\/div>\n\t\t\t\t\t\t\t\t\t\t\t\t\t\t                        <\/div>\n                    <\/div>\n                <\/li>\n                            <li class=\"align-items-center col-20 col-lg-6 d-flex flex-column px-lg-6 py-6\" style=\"margin-bottom: 20px;\">\n                    <div class=\"row\">\n                        <div class=\"col-md-6\" style=\"margin-top:12px; margin-bottom: 12px;\">\n                            <div class=\"new-photo\">\n                                                                                                        <a href=\"https:\/\/educartenatureza.uab.pt\/es\/pais-deixem-me-cair\/\">\n                                        <img decoding=\"async\" src=\"https:\/\/educartenatureza.uab.pt\/es\/wp-content\/uploads\/sites\/38\/2023\/06\/foto-vertical-de-um-caminho-estreito-em-uma-floresta-com-varias-arvores-altas-e-verdes_181624-20997.jpg\"width=\"200\"height=\"300\"class=\"attachment-full size-full img-fluid image-expand\"alt=\"\" class=\"img-fluid\" loading=\"lazy\">\n                                    <\/a>\n                                                            <\/div>\n                        <\/div>\n                        <div class=\"col-md-6 news-details\" style=\"padding-left: 30px; position: relative;\">\n                            <div class=\"news-name\" style=\"color: #41644A; margin-bottom: 10px; margin-top: 10px; font-size: 24px;\">\n                                <a href=\"https:\/\/educartenatureza.uab.pt\/es\/pais-deixem-me-cair\/\" style=\"text-decoration: none;\">Pais, deixem-me cair<\/a>\n                            <\/div>\n                            <div class=\"news-excerpt news-excerpt-large\" style=\"font-size: 16px; margin-top: 25px\">A prote\u00e7\u00e3o em demasia e os tablets est\u00e3o a gerar crian\u00e7as com \u201ciliteracia motora\u201d, que n\u00e3o se sabem mexer nem defender dos riscos<\/div>\n\t\t\t\t\t\t\t\t\t\t\t\t\t\t                        <\/div>\n                    <\/div>\n                <\/li>\n                            <li class=\"align-items-center col-20 col-lg-6 d-flex flex-column px-lg-6 py-6\" style=\"margin-bottom: 20px;\">\n                    <div class=\"row\">\n                        <div class=\"col-md-6\" style=\"margin-top:12px; margin-bottom: 12px;\">\n                            <div class=\"new-photo\">\n                                                                                                        <a href=\"https:\/\/educartenatureza.uab.pt\/es\/quer-um-filho-mais-saudavel-deixe-o-brincar-ao-ar-livre\/\">\n                                        <img decoding=\"async\" src=\"https:\/\/educartenatureza.uab.pt\/es\/wp-content\/uploads\/sites\/38\/2023\/06\/1282848.jpg\"width=\"2048\"height=\"1365\"class=\"attachment-full size-full img-fluid image-expand\"alt=\"\"srcset=\"https:\/\/educartenatureza.uab.pt\/es\/wp-content\/uploads\/sites\/38\/2023\/06\/1282848.jpg 2048w, https:\/\/educartenatureza.uab.pt\/es\/wp-content\/uploads\/sites\/38\/2023\/06\/1282848-300x200.jpg 300w, https:\/\/educartenatureza.uab.pt\/es\/wp-content\/uploads\/sites\/38\/2023\/06\/1282848-1024x683.jpg 1024w, https:\/\/educartenatureza.uab.pt\/es\/wp-content\/uploads\/sites\/38\/2023\/06\/1282848-768x512.jpg 768w, https:\/\/educartenatureza.uab.pt\/es\/wp-content\/uploads\/sites\/38\/2023\/06\/1282848-1536x1024.jpg 1536w\"sizes=\"auto, (max-width: 2048px) 100vw, 2048px\" class=\"img-fluid\" loading=\"lazy\">\n                                    <\/a>\n                                                            <\/div>\n                        <\/div>\n                        <div class=\"col-md-6 news-details\" style=\"padding-left: 30px; position: relative;\">\n                            <div class=\"news-name\" style=\"color: #41644A; margin-bottom: 10px; margin-top: 10px; font-size: 24px;\">\n                                <a href=\"https:\/\/educartenatureza.uab.pt\/es\/quer-um-filho-mais-saudavel-deixe-o-brincar-ao-ar-livre\/\" style=\"text-decoration: none;\">Quer um filho mais saud\u00e1vel? Deixe-o brincar ao ar livre<\/a>\n                            <\/div>\n                            <div class=\"news-excerpt news-excerpt-large\" style=\"font-size: 16px; margin-top: 25px\">Quer um filho mais saud\u00e1vel? Deixe-o brincar ao ar livre\nH\u00e1 uma \u201cepidemia silenciosa\u201d que afecta as crian\u00e7as, e o segredo para combat\u00ea-la \u00e9 sair para a rua, defende Angela Hanscom.<\/div>\n\t\t\t\t\t\t\t\t\t\t\t\t\t\t                        <\/div>\n                    <\/div>\n                <\/li>\n                            <li class=\"align-items-center col-20 col-lg-6 d-flex flex-column px-lg-6 py-6\" style=\"margin-bottom: 20px;\">\n                    <div class=\"row\">\n                        <div class=\"col-md-6\" style=\"margin-top:12px; margin-bottom: 12px;\">\n                            <div class=\"new-photo\">\n                                                                                                        <a href=\"https:\/\/educartenatureza.uab.pt\/es\/ana-carol-thome-do-ser-crianca-e-natural-as-criancas-nascem-natureza\/\">\n                                        <img decoding=\"async\" src=\"https:\/\/educartenatureza.uab.pt\/es\/wp-content\/uploads\/sites\/38\/2023\/06\/pe_arvore_Renata-scaled-1.jpg\"width=\"2560\"height=\"1696\"class=\"attachment-full size-full img-fluid image-expand\"alt=\"\"srcset=\"https:\/\/educartenatureza.uab.pt\/es\/wp-content\/uploads\/sites\/38\/2023\/06\/pe_arvore_Renata-scaled-1.jpg 2560w, https:\/\/educartenatureza.uab.pt\/es\/wp-content\/uploads\/sites\/38\/2023\/06\/pe_arvore_Renata-scaled-1-300x199.jpg 300w, https:\/\/educartenatureza.uab.pt\/es\/wp-content\/uploads\/sites\/38\/2023\/06\/pe_arvore_Renata-scaled-1-1024x678.jpg 1024w, https:\/\/educartenatureza.uab.pt\/es\/wp-content\/uploads\/sites\/38\/2023\/06\/pe_arvore_Renata-scaled-1-768x509.jpg 768w, https:\/\/educartenatureza.uab.pt\/es\/wp-content\/uploads\/sites\/38\/2023\/06\/pe_arvore_Renata-scaled-1-1536x1018.jpg 1536w, https:\/\/educartenatureza.uab.pt\/es\/wp-content\/uploads\/sites\/38\/2023\/06\/pe_arvore_Renata-scaled-1-2048x1357.jpg 2048w\"sizes=\"auto, (max-width: 2560px) 100vw, 2560px\" class=\"img-fluid\" loading=\"lazy\">\n                                    <\/a>\n                                                            <\/div>\n                        <\/div>\n                        <div class=\"col-md-6 news-details\" style=\"padding-left: 30px; position: relative;\">\n                            <div class=\"news-name\" style=\"color: #41644A; margin-bottom: 10px; margin-top: 10px; font-size: 24px;\">\n                                <a href=\"https:\/\/educartenatureza.uab.pt\/es\/ana-carol-thome-do-ser-crianca-e-natural-as-criancas-nascem-natureza\/\" style=\"text-decoration: none;\">Ana Carol Thom\u00e9, do Ser Crian\u00e7a \u00e9 Natural: &#8220;as crian\u00e7as nascem natureza&#8221;<\/a>\n                            <\/div>\n                            <div class=\"news-excerpt news-excerpt-large\" style=\"font-size: 16px; margin-top: 25px\">Em 2011, a professora de Educa\u00e7\u00e3o Infantil Ana Carol Thom\u00e9 estava em busca de um tema que pudesse investigar em seu projeto de pesquisa acad\u00eamica. Atenta, come\u00e7ou a perceber que eram recorrentes os pedidos feitos a ela por m\u00e3es de crian\u00e7as para que n\u00e3o apanhassem vento, n\u00e3o mexessem com \u00e1gua, n\u00e3o botassem os p\u00e9s no ch\u00e3o. O motivo: evitar que os filhos adoecessem.<\/div>\n\t\t\t\t\t\t\t\t\t\t\t\t\t\t                        <\/div>\n                    <\/div>\n                <\/li>\n                            <li class=\"align-items-center col-20 col-lg-6 d-flex flex-column px-lg-6 py-6\" style=\"margin-bottom: 20px;\">\n                    <div class=\"row\">\n                        <div class=\"col-md-6\" style=\"margin-top:12px; margin-bottom: 12px;\">\n                            <div class=\"new-photo\">\n                                                                                                        <a href=\"https:\/\/educartenatureza.uab.pt\/es\/to-play-is-to-learn-time-to-step-back-and-let-kids-be-kids\/\">\n                                        <img decoding=\"async\" src=\"https:\/\/educartenatureza.uab.pt\/es\/wp-content\/uploads\/sites\/38\/2023\/06\/large_rCMDrHusYdMfQHZkVvfBclQax5xq3d-XH3JH2SfKYUs.jpg\"width=\"1008\"height=\"435\"class=\"attachment-full size-full img-fluid image-expand\"alt=\"\"srcset=\"https:\/\/educartenatureza.uab.pt\/es\/wp-content\/uploads\/sites\/38\/2023\/06\/large_rCMDrHusYdMfQHZkVvfBclQax5xq3d-XH3JH2SfKYUs.jpg 1008w, https:\/\/educartenatureza.uab.pt\/es\/wp-content\/uploads\/sites\/38\/2023\/06\/large_rCMDrHusYdMfQHZkVvfBclQax5xq3d-XH3JH2SfKYUs-300x129.jpg 300w, https:\/\/educartenatureza.uab.pt\/es\/wp-content\/uploads\/sites\/38\/2023\/06\/large_rCMDrHusYdMfQHZkVvfBclQax5xq3d-XH3JH2SfKYUs-768x331.jpg 768w\"sizes=\"auto, (max-width: 1008px) 100vw, 1008px\" class=\"img-fluid\" loading=\"lazy\">\n                                    <\/a>\n                                                            <\/div>\n                        <\/div>\n                        <div class=\"col-md-6 news-details\" style=\"padding-left: 30px; position: relative;\">\n                            <div class=\"news-name\" style=\"color: #41644A; margin-bottom: 10px; margin-top: 10px; font-size: 24px;\">\n                                <a href=\"https:\/\/educartenatureza.uab.pt\/es\/to-play-is-to-learn-time-to-step-back-and-let-kids-be-kids\/\" style=\"text-decoration: none;\">To play is to learn. Time to step back and let kids be kids<\/a>\n                            <\/div>\n                            <div class=\"news-excerpt news-excerpt-large\" style=\"font-size: 16px; margin-top: 25px\">Real play is the freedom for children to engage with and learn from the world that surrounds them. By mentally and physically connecting children to the world, play empowers them to create and grow for the rest of their lives. It is a fundamental right for all children. <\/div>\n\t\t\t\t\t\t\t\t\t\t\t\t\t\t                        <\/div>\n                    <\/div>\n                <\/li>\n                            <li class=\"align-items-center col-20 col-lg-6 d-flex flex-column px-lg-6 py-6\" style=\"margin-bottom: 20px;\">\n                    <div class=\"row\">\n                        <div class=\"col-md-6\" style=\"margin-top:12px; margin-bottom: 12px;\">\n                            <div class=\"new-photo\">\n                                                                                                        <a href=\"https:\/\/educartenatureza.uab.pt\/es\/e-inacreditavel-que-hoje-se-passeiam-mais-os-caes-do-que-as-criancas\/\">\n                                        <img decoding=\"async\" src=\"https:\/\/educartenatureza.uab.pt\/es\/wp-content\/uploads\/sites\/38\/2023\/06\/image.jpg\"width=\"800\"height=\"450\"class=\"attachment-full size-full img-fluid image-expand\"alt=\"\"srcset=\"https:\/\/educartenatureza.uab.pt\/es\/wp-content\/uploads\/sites\/38\/2023\/06\/image.jpg 800w, https:\/\/educartenatureza.uab.pt\/es\/wp-content\/uploads\/sites\/38\/2023\/06\/image-300x169.jpg 300w, https:\/\/educartenatureza.uab.pt\/es\/wp-content\/uploads\/sites\/38\/2023\/06\/image-768x432.jpg 768w\"sizes=\"auto, (max-width: 800px) 100vw, 800px\" class=\"img-fluid\" loading=\"lazy\">\n                                    <\/a>\n                                                            <\/div>\n                        <\/div>\n                        <div class=\"col-md-6 news-details\" style=\"padding-left: 30px; position: relative;\">\n                            <div class=\"news-name\" style=\"color: #41644A; margin-bottom: 10px; margin-top: 10px; font-size: 24px;\">\n                                <a href=\"https:\/\/educartenatureza.uab.pt\/es\/e-inacreditavel-que-hoje-se-passeiam-mais-os-caes-do-que-as-criancas\/\" style=\"text-decoration: none;\">&#8220;\u00c9 inacredit\u00e1vel que \u00a0hoje se passeiam\u00a0mais os c\u00e3es\u00a0do que as crian\u00e7as&#8221;<\/a>\n                            <\/div>\n                            <div class=\"news-excerpt news-excerpt-large\" style=\"font-size: 16px; margin-top: 25px\">H\u00e1 mais de 40 anos que o investigador Carlos Neto trabalha com crian\u00e7as e est\u00e1 preocupado com o sedentarismo. &#8220;H\u00e1 pais que j\u00e1 n\u00e3o t\u00eam prazer em brincar com os filhos&#8221;<\/div>\n\t\t\t\t\t\t\t\t\t\t\t\t\t\t                        <\/div>\n                    <\/div>\n                <\/li>\n                            <li class=\"align-items-center col-20 col-lg-6 d-flex flex-column px-lg-6 py-6\" style=\"margin-bottom: 20px;\">\n                    <div class=\"row\">\n                        <div class=\"col-md-6\" style=\"margin-top:12px; margin-bottom: 12px;\">\n                            <div class=\"new-photo\">\n                                                                                                        <a href=\"https:\/\/educartenatureza.uab.pt\/es\/o-tempo-dos-pequenos-prisioneiros\/\">\n                                        <img decoding=\"async\" src=\"https:\/\/educartenatureza.uab.pt\/es\/wp-content\/uploads\/sites\/38\/2023\/06\/mw-320.webp\"width=\"320\"height=\"482\"class=\"attachment-full size-full img-fluid image-expand\"alt=\"\"srcset=\"https:\/\/educartenatureza.uab.pt\/es\/wp-content\/uploads\/sites\/38\/2023\/06\/mw-320.webp 320w, https:\/\/educartenatureza.uab.pt\/es\/wp-content\/uploads\/sites\/38\/2023\/06\/mw-320-199x300.webp 199w\"sizes=\"auto, (max-width: 320px) 100vw, 320px\" class=\"img-fluid\" loading=\"lazy\">\n                                    <\/a>\n                                                            <\/div>\n                        <\/div>\n                        <div class=\"col-md-6 news-details\" style=\"padding-left: 30px; position: relative;\">\n                            <div class=\"news-name\" style=\"color: #41644A; margin-bottom: 10px; margin-top: 10px; font-size: 24px;\">\n                                <a href=\"https:\/\/educartenatureza.uab.pt\/es\/o-tempo-dos-pequenos-prisioneiros\/\" style=\"text-decoration: none;\">O tempo dos pequenos prisioneiros<\/a>\n                            <\/div>\n                            <div class=\"news-excerpt news-excerpt-large\" style=\"font-size: 16px; margin-top: 25px\">Bem-vindos \u00e0 nova era, a das crian\u00e7as que n\u00e3o t\u00eam tempo para brincar. E a dos adultos obcecados por ocupar-lhes os dias. Que mundo \u00e9 este onde a brincadeira se tornou indesej\u00e1vel? <\/div>\n\t\t\t\t\t\t\t\t\t\t\t\t\t\t                        <\/div>\n                    <\/div>\n                <\/li>\n                            <li class=\"align-items-center col-20 col-lg-6 d-flex flex-column px-lg-6 py-6\" style=\"margin-bottom: 20px;\">\n                    <div class=\"row\">\n                        <div class=\"col-md-6\" style=\"margin-top:12px; margin-bottom: 12px;\">\n                            <div class=\"new-photo\">\n                                                                                                        <a href=\"https:\/\/educartenatureza.uab.pt\/es\/carlos-neto-criancas-a-torto-e-a-direitos\/\">\n                                        <img decoding=\"async\" src=\"https:\/\/educartenatureza.uab.pt\/es\/wp-content\/uploads\/sites\/38\/2023\/06\/cnn-1.jpg\"width=\"622\"height=\"427\"class=\"attachment-full size-full img-fluid image-expand\"alt=\"\"srcset=\"https:\/\/educartenatureza.uab.pt\/es\/wp-content\/uploads\/sites\/38\/2023\/06\/cnn-1.jpg 622w, https:\/\/educartenatureza.uab.pt\/es\/wp-content\/uploads\/sites\/38\/2023\/06\/cnn-1-300x206.jpg 300w\"sizes=\"auto, (max-width: 622px) 100vw, 622px\" class=\"img-fluid\" loading=\"lazy\">\n                                    <\/a>\n                                                            <\/div>\n                        <\/div>\n                        <div class=\"col-md-6 news-details\" style=\"padding-left: 30px; position: relative;\">\n                            <div class=\"news-name\" style=\"color: #41644A; margin-bottom: 10px; margin-top: 10px; font-size: 24px;\">\n                                <a href=\"https:\/\/educartenatureza.uab.pt\/es\/carlos-neto-criancas-a-torto-e-a-direitos\/\" style=\"text-decoration: none;\">Carlos Neto \u2013 Crian\u00e7as a torto e a Direitos<\/a>\n                            <\/div>\n                            <div class=\"news-excerpt news-excerpt-large\" style=\"font-size: 16px; margin-top: 25px\">As crian\u00e7as n\u00e3o podem ficar sentadas, quietas e caladas horas a fio, em casa, na escola e no carro. Corpos ativos d\u00e3o c\u00e9rebros ativos atrav\u00e9s de emo\u00e7\u00f5es e sentimentos\u201d, alerta Carlos Neto, especialista em desenvolvimento motor em entrevista. N\u00e3o faltam ideias com pedalada, como os comboios de bicicleta.<\/div>\n\t\t\t\t\t\t\t\t\t\t\t\t\t\t                        <\/div>\n                    <\/div>\n                <\/li>\n                            <li class=\"align-items-center col-20 col-lg-6 d-flex flex-column px-lg-6 py-6\" style=\"margin-bottom: 20px;\">\n                    <div class=\"row\">\n                        <div class=\"col-md-6\" style=\"margin-top:12px; margin-bottom: 12px;\">\n                            <div class=\"new-photo\">\n                                                                                                        <a href=\"https:\/\/educartenatureza.uab.pt\/es\/carlos-neto-a-brincadeira-pode-ser-a-resposta-para-a-maioria-dos-males\/\">\n                                        <img decoding=\"async\" src=\"https:\/\/educartenatureza.uab.pt\/es\/wp-content\/uploads\/sites\/38\/2023\/06\/shutterstock_409391680.jpg\"width=\"1400\"height=\"760\"class=\"attachment-full size-full img-fluid image-expand\"alt=\"\"srcset=\"https:\/\/educartenatureza.uab.pt\/es\/wp-content\/uploads\/sites\/38\/2023\/06\/shutterstock_409391680.jpg 1400w, https:\/\/educartenatureza.uab.pt\/es\/wp-content\/uploads\/sites\/38\/2023\/06\/shutterstock_409391680-300x163.jpg 300w, https:\/\/educartenatureza.uab.pt\/es\/wp-content\/uploads\/sites\/38\/2023\/06\/shutterstock_409391680-1024x556.jpg 1024w, https:\/\/educartenatureza.uab.pt\/es\/wp-content\/uploads\/sites\/38\/2023\/06\/shutterstock_409391680-768x417.jpg 768w\"sizes=\"auto, (max-width: 1400px) 100vw, 1400px\" class=\"img-fluid\" loading=\"lazy\">\n                                    <\/a>\n                                                            <\/div>\n                        <\/div>\n                        <div class=\"col-md-6 news-details\" style=\"padding-left: 30px; position: relative;\">\n                            <div class=\"news-name\" style=\"color: #41644A; margin-bottom: 10px; margin-top: 10px; font-size: 24px;\">\n                                <a href=\"https:\/\/educartenatureza.uab.pt\/es\/carlos-neto-a-brincadeira-pode-ser-a-resposta-para-a-maioria-dos-males\/\" style=\"text-decoration: none;\">Carlos Neto: \u201cA brincadeira pode ser a resposta para a maioria dos males\u201d<\/a>\n                            <\/div>\n                            <div class=\"news-excerpt news-excerpt-large\" style=\"font-size: 16px; margin-top: 25px\">Carlos Neto, Investigador da Faculdade de Motricidade Humana, em Lisboa, explica por que raz\u00e3o \u00e9 brincar \u00e9 a melhor prescri\u00e7\u00e3o para um desenvolvimento saud\u00e1vel das crian\u00e7as. At\u00e9 porque n\u00e3o queremos adultos infantis, doentes e com falta de iniciativa.<\/div>\n\t\t\t\t\t\t\t\t\t\t\t\t\t\t                        <\/div>\n                    <\/div>\n                <\/li>\n                            <li class=\"align-items-center col-20 col-lg-6 d-flex flex-column px-lg-6 py-6\" style=\"margin-bottom: 20px;\">\n                    <div class=\"row\">\n                        <div class=\"col-md-6\" style=\"margin-top:12px; margin-bottom: 12px;\">\n                            <div class=\"new-photo\">\n                                                                                                        <a href=\"https:\/\/educartenatureza.uab.pt\/es\/estamos-a-criar-criancas-totos-de-uma-imaturidade-inacreditavel\/\">\n                                        <img decoding=\"async\" src=\"https:\/\/educartenatureza.uab.pt\/es\/wp-content\/uploads\/sites\/38\/2023\/06\/carlos-neto06.webp\"width=\"560\"height=\"373\"class=\"attachment-full size-full img-fluid image-expand\"alt=\"\"srcset=\"https:\/\/educartenatureza.uab.pt\/es\/wp-content\/uploads\/sites\/38\/2023\/06\/carlos-neto06.webp 560w, https:\/\/educartenatureza.uab.pt\/es\/wp-content\/uploads\/sites\/38\/2023\/06\/carlos-neto06-300x200.webp 300w\"sizes=\"auto, (max-width: 560px) 100vw, 560px\" class=\"img-fluid\" loading=\"lazy\">\n                                    <\/a>\n                                                            <\/div>\n                        <\/div>\n                        <div class=\"col-md-6 news-details\" style=\"padding-left: 30px; position: relative;\">\n                            <div class=\"news-name\" style=\"color: #41644A; margin-bottom: 10px; margin-top: 10px; font-size: 24px;\">\n                                <a href=\"https:\/\/educartenatureza.uab.pt\/es\/estamos-a-criar-criancas-totos-de-uma-imaturidade-inacreditavel\/\" style=\"text-decoration: none;\">&#8220;Estamos a criar crian\u00e7as tot\u00f3s, de uma imaturidade inacredit\u00e1vel&#8221;<\/a>\n                            <\/div>\n                            <div class=\"news-excerpt news-excerpt-large\" style=\"font-size: 16px; margin-top: 25px\">&#8220;Quanto mais recreio, mais aten\u00e7\u00e3o nas aulas. Quanto menos liberdade para brincar, maior o risco de acidentes. Carlos Neto, professor da FMH, explica por que tem de ser travado o &#8220;terrorismo do n\u00e3o&#8221;.&#8221;<\/div>\n\t\t\t\t\t\t\t\t\t\t\t\t\t\t                        <\/div>\n                    <\/div>\n                <\/li>\n                            <li class=\"align-items-center col-20 col-lg-6 d-flex flex-column px-lg-6 py-6\" style=\"margin-bottom: 20px;\">\n                    <div class=\"row\">\n                        <div class=\"col-md-6\" style=\"margin-top:12px; margin-bottom: 12px;\">\n                            <div class=\"new-photo\">\n                                                                                                        <a href=\"https:\/\/educartenatureza.uab.pt\/es\/carlos-neto-estamos-a-criar-uma-sociedade-de-cativeiro-para-as-criancas\/\">\n                                        <img decoding=\"async\" src=\"https:\/\/educartenatureza.uab.pt\/es\/wp-content\/uploads\/sites\/38\/2023\/06\/485956.jpg\"width=\"760\"height=\"574\"class=\"attachment-full size-full img-fluid image-expand\"alt=\"\"srcset=\"https:\/\/educartenatureza.uab.pt\/es\/wp-content\/uploads\/sites\/38\/2023\/06\/485956.jpg 760w, https:\/\/educartenatureza.uab.pt\/es\/wp-content\/uploads\/sites\/38\/2023\/06\/485956-300x227.jpg 300w\"sizes=\"auto, (max-width: 760px) 100vw, 760px\" class=\"img-fluid\" loading=\"lazy\">\n                                    <\/a>\n                                                            <\/div>\n                        <\/div>\n                        <div class=\"col-md-6 news-details\" style=\"padding-left: 30px; position: relative;\">\n                            <div class=\"news-name\" style=\"color: #41644A; margin-bottom: 10px; margin-top: 10px; font-size: 24px;\">\n                                <a href=\"https:\/\/educartenatureza.uab.pt\/es\/carlos-neto-estamos-a-criar-uma-sociedade-de-cativeiro-para-as-criancas\/\" style=\"text-decoration: none;\">Carlos Neto. \u201cEstamos a criar uma sociedade de cativeiro para as crian\u00e7as\u201d<\/a>\n                            <\/div>\n                            <div class=\"news-excerpt news-excerpt-large\" style=\"font-size: 16px; margin-top: 25px\">Investigador da Faculdade de Motricidade Humana alerta para os perigos de dizer sempre n\u00e3o \u00e0s crian\u00e7as por medo de que se magoem. E avisa que cortar-lhes a liberdade impede-as de serem adultos empreendedores.<\/div>\n\t\t\t\t\t\t\t\t\t\t\t\t\t\t                        <\/div>\n                    <\/div>\n                <\/li>\n                    <\/ul>\n    <\/div>\n<\/div><\/div><\/div>\n","protected":false},"excerpt":{"rendered":"","protected":false},"author":1,"featured_media":0,"parent":350,"menu_order":0,"comment_status":"closed","ping_status":"closed","template":"","meta":{"speak2many_translation":"{\"pt-PT\":{\"postID\":null,\"postTitle\":\"\",\"siteID\":36,\"customURL\":true,\"languageInfo\":{\"speak2many_site_api_url\":\"https:\/\/educartenatureza.uab.pt\/wp-json\/\",\"name\":\"Portugu\u00eas\",\"locale\":\"pt_PT_ao90\"},\"langKey\":\"pt-PT\",\"url\":\"https:\/\/educartenatureza.uab.pt\/mediateca\/noticias\/\"},\"es\":{\"url\":\"\",\"postID\":null,\"postTitle\":\"\",\"siteID\":38,\"customURL\":true,\"languageInfo\":{\"name\":\"Espa\u00f1ol\",\"locale\":\"es_ES\"},\"langKey\":\"es\"}}","footnotes":""},"class_list":["post-934","page","type-page","status-publish","hentry"],"_links":{"self":[{"href":"https:\/\/educartenatureza.uab.pt\/es\/wp-json\/wp\/v2\/pages\/934","targetHints":{"allow":["GET"]}}],"collection":[{"href":"https:\/\/educartenatureza.uab.pt\/es\/wp-json\/wp\/v2\/pages"}],"about":[{"href":"https:\/\/educartenatureza.uab.pt\/es\/wp-json\/wp\/v2\/types\/page"}],"author":[{"embeddable":true,"href":"https:\/\/educartenatureza.uab.pt\/es\/wp-json\/wp\/v2\/users\/1"}],"replies":[{"embeddable":true,"href":"https:\/\/educartenatureza.uab.pt\/es\/wp-json\/wp\/v2\/comments?post=934"}],"version-history":[{"count":2,"href":"https:\/\/educartenatureza.uab.pt\/es\/wp-json\/wp\/v2\/pages\/934\/revisions"}],"predecessor-version":[{"id":6883,"href":"https:\/\/educartenatureza.uab.pt\/es\/wp-json\/wp\/v2\/pages\/934\/revisions\/6883"}],"up":[{"embeddable":true,"href":"https:\/\/educartenatureza.uab.pt\/es\/wp-json\/wp\/v2\/pages\/350"}],"wp:attachment":[{"href":"https:\/\/educartenatureza.uab.pt\/es\/wp-json\/wp\/v2\/media?parent=934"}],"curies":[{"name":"wp","href":"https:\/\/api.w.org\/{rel}","templated":true}]}}