{"id":5474,"date":"2023-06-30T11:17:35","date_gmt":"2023-06-30T11:17:35","guid":{"rendered":"https:\/\/sites.uab.pt\/educarte-natureza\/?post_type=projetos&amp;p=5474"},"modified":"2023-06-30T11:17:35","modified_gmt":"2023-06-30T11:17:35","slug":"projetos-de-associacao-e-cooperativas","status":"publish","type":"projetos","link":"https:\/\/educartenatureza.uab.pt\/es\/projetos\/projetos-de-associacao-e-cooperativas\/","title":{"rendered":"Projetos de Associa\u00e7\u00e3o e Cooperativas"},"content":{"rendered":"\n<div id=\"gbc-8d44a9-a9\" class=\"wp-block-c3-framew-gutenbergblocks-advancedcontainer gbc gbc-view row-valign-top align-none c3-framew-gutenbergblocks-advancedcontainer\"><div class=\"gbc-background-overlay gbc-background-overlay-normal\"><\/div><div class=\"gbc-wrapper\" style=\"padding-top:100px;padding-bottom:60px\"><div id=\"gbc-container-gbc-8d44a9-a9\" class=\"inner-container container\">\n<div class=\"wp-block-columns is-layout-flex wp-container-core-columns-is-layout-9d6595d7 wp-block-columns-is-layout-flex\">\n<div class=\"wp-block-column is-vertically-aligned-center is-layout-flow wp-block-column-is-layout-flow\">\n<h2 class=\"wp-block-heading\">TRAQUINAS \u00cdNDIOS E S\u00c1BIOS<\/h2>\n\n\n\n<h2 class=\"wp-block-heading\">Montemor-o-Novo<\/h2>\n\n\n\n<p><strong>Institui\u00e7\u00e3o:<\/strong>&nbsp;Cooperativa Traquinas, \u00cdndios e S\u00e1bios &#8211; espa\u00e7o de actividade infantil<\/p>\n\n\n\n<p><strong>Para:<\/strong>&nbsp;Crian\u00e7as dos 0 aos 6 anos<\/p>\n\n\n\n<p><strong>Espa\u00e7os ao Ar Livre:<\/strong>&nbsp;Recreio, montado alentejano, terreno com horta, olivicultura e pomar<\/p>\n\n\n\n<p><strong>Tempos ao Ar livre:<\/strong>&nbsp;Todo o tempo, entre as 9h e as 17h, toda a semana e ano<\/p>\n\n\n\n<p><strong>Brincar ao Ar Livre:&nbsp;<\/strong>6h (aprox)<\/p>\n\n\n\n<p><strong>Chuva:&nbsp;<\/strong>Usam equipamento de chuva e brincam com chuva<\/p>\n\n\n\n<p><strong>Mais informa\u00e7\u00e3o:<\/strong>&nbsp;Respeito por projectos emergentes das crian\u00e7as e fam\u00edlias; tenda yurt e monte alentejano com alpendurada; com calor brincam nas sombras com terra e \u00e1gua<\/p>\n\n\n\n<a target=\"_blank\" href=\"https:\/\/www.facebook.com\/CoopTIS\/\" rel=\"noopener\"><i style=\"width:100px\" class=\"fa-brands fa-facebook\"><\/i><\/a>\n<\/div>\n\n\n\n<div class=\"wp-block-column is-vertically-aligned-center is-layout-flow wp-block-column-is-layout-flow\"><div class=\"wp-block-image is-style-default\">\n<figure class=\"aligncenter size-full\"><img loading=\"lazy\" decoding=\"async\" width=\"233\" height=\"250\" src=\"https:\/\/educartenatureza.uab.pt\/es\/wp-content\/uploads\/sites\/38\/2023\/06\/17264907_1563811176984260_28211942802635.webp\" alt=\"\" class=\"wp-image-5498\" \/><\/figure>\n<\/div><\/div>\n<\/div>\n<\/div><\/div><\/div>\n\n\n\n<div id=\"gbc-8d44a9-a9\" class=\"wp-block-c3-framew-gutenbergblocks-advancedcontainer gbc gbc-view row-valign-top align-none c3-framew-gutenbergblocks-advancedcontainer\"><div class=\"gbc-background-overlay gbc-background-overlay-normal\"><\/div><div class=\"gbc-wrapper\" style=\"padding-top:100px;padding-bottom:60px\"><div id=\"gbc-container-gbc-8d44a9-a9\" class=\"inner-container container\">\n<div class=\"wp-block-columns is-layout-flex wp-container-core-columns-is-layout-9d6595d7 wp-block-columns-is-layout-flex\">\n<div class=\"wp-block-column is-vertically-aligned-center is-layout-flow wp-block-column-is-layout-flow\">\n<h2 class=\"wp-block-heading\">BOSQUE ESCOLA AVEL\u00c3S<br \/>Marv\u00e3o<a rel=\"noreferrer noopener\" href=\"http:\/\/bosque-escola-avelas.org\/wp\/\" target=\"_blank\"><\/a><\/h2>\n\n\n\n<p><strong>Institui\u00e7\u00e3o:<\/strong>&nbsp;Descal\u00e7as Cooperativa Cultural<\/p>\n\n\n\n<p><strong>Para:<\/strong>&nbsp;Crian\u00e7as dos 2 aos 10 anos<\/p>\n\n\n\n<p><strong>Espa\u00e7os ao Ar Livre:<\/strong>&nbsp;Quinta com muitas \u00e1rvores, 3 fontes de \u00e1gua para tomar banho no Ver\u00e3o e abrigos (sala, cozinha e casas de banho); zona de rio<\/p>\n\n\n\n<p><strong>Tempos ao Ar livre:<\/strong>&nbsp;Todo o tempo, das 9h\/9h30 \u00e0s 15h\/16h<\/p>\n\n\n\n<p><strong>Brincar ao Ar Livre:&nbsp;<\/strong>Todo o tempo, das 9h\/9h30 \u00e0s 15h\/16h<\/p>\n\n\n\n<p><strong>Chuva:&nbsp;<\/strong>Usam equipamento de chuva, brincam com chuva<\/p>\n\n\n\n<p><strong>Mais informa\u00e7\u00e3o:<\/strong>&nbsp;2 grupos de crian\u00e7as (2-6 e 6-10 anos); refei\u00e7\u00f5es vegetarianas; 1 dia por semana fora em actividades de barro e artesanato.<\/p>\n\n\n\n<a target=\"_blank\" href=\"https:\/\/www.facebook.com\/BosqueEscolaAvelas\" rel=\"noopener\"><i style=\"width:50px\" class=\"fa-brands fa-facebook\"><\/i><\/a>\n<\/div>\n\n\n\n<div class=\"wp-block-column is-vertically-aligned-center is-layout-flow wp-block-column-is-layout-flow\"><div class=\"wp-block-image is-style-rounded\">\n<figure class=\"aligncenter size-full\"><img loading=\"lazy\" decoding=\"async\" width=\"249\" height=\"250\" src=\"https:\/\/educartenatureza.uab.pt\/es\/wp-content\/uploads\/sites\/38\/2023\/06\/245328803_227331179458845_8335161524421429854_n.webp\" alt=\"\" class=\"wp-image-5501\" srcset=\"https:\/\/educartenatureza.uab.pt\/es\/wp-content\/uploads\/sites\/38\/2023\/06\/245328803_227331179458845_8335161524421429854_n.webp 249w, https:\/\/educartenatureza.uab.pt\/es\/wp-content\/uploads\/sites\/38\/2023\/06\/245328803_227331179458845_8335161524421429854_n-150x150.webp 150w\" sizes=\"auto, (max-width: 249px) 100vw, 249px\" \/><\/figure>\n<\/div><\/div>\n<\/div>\n<\/div><\/div><\/div>\n","protected":false},"excerpt":{"rendered":"","protected":false},"featured_media":5483,"template":"","class_list":["post-5474","projetos","type-projetos","status-publish","has-post-thumbnail","hentry"],"_links":{"self":[{"href":"https:\/\/educartenatureza.uab.pt\/es\/wp-json\/wp\/v2\/projetos\/5474","targetHints":{"allow":["GET"]}}],"collection":[{"href":"https:\/\/educartenatureza.uab.pt\/es\/wp-json\/wp\/v2\/projetos"}],"about":[{"href":"https:\/\/educartenatureza.uab.pt\/es\/wp-json\/wp\/v2\/types\/projetos"}],"wp:featuredmedia":[{"embeddable":true,"href":"https:\/\/educartenatureza.uab.pt\/es\/wp-json\/wp\/v2\/media\/5483"}],"wp:attachment":[{"href":"https:\/\/educartenatureza.uab.pt\/es\/wp-json\/wp\/v2\/media?parent=5474"}],"curies":[{"name":"wp","href":"https:\/\/api.w.org\/{rel}","templated":true}]}}