{"id":5479,"date":"2023-06-30T11:21:04","date_gmt":"2023-06-30T11:21:04","guid":{"rendered":"https:\/\/sites.uab.pt\/educarte-natureza\/?post_type=projetos&amp;p=5479"},"modified":"2023-06-30T11:21:04","modified_gmt":"2023-06-30T11:21:04","slug":"projetos-de-familias-e-bairros","status":"publish","type":"projetos","link":"https:\/\/educartenatureza.uab.pt\/es\/projetos\/projetos-de-familias-e-bairros\/","title":{"rendered":"Projetos de Fam\u00edlias e Bairros"},"content":{"rendered":"\n<p>\u200b<\/p>\n\n\n\n<div id=\"gbc-8d44a9-a9\" class=\"wp-block-c3-framew-gutenbergblocks-advancedcontainer gbc gbc-view row-valign-top align-none c3-framew-gutenbergblocks-advancedcontainer\"><div class=\"gbc-background-overlay gbc-background-overlay-normal\"><\/div><div class=\"gbc-wrapper\" style=\"padding-top:100px;padding-bottom:60px\"><div id=\"gbc-container-gbc-8d44a9-a9\" class=\"inner-container container\">\n<div class=\"wp-block-columns is-layout-flex wp-container-core-columns-is-layout-9d6595d7 wp-block-columns-is-layout-flex\">\n<div class=\"wp-block-column is-vertically-aligned-center is-layout-flow wp-block-column-is-layout-flow\">\n<h2 class=\"wp-block-heading\">ESTU\u00c1RIO COLECTIVO<\/h2>\n\n\n\n<h2 class=\"wp-block-heading\">Cacilhas, Almada<\/h2>\n\n\n\n<p><strong>Institui\u00e7\u00e3o:<\/strong>&nbsp;Comunidade de vizinhos e amigos de bairro urbano<\/p>\n\n\n\n<p><strong>Para:<\/strong>&nbsp;Crian\u00e7as desde os 5 meses aos 12 anos<\/p>\n\n\n\n<p><strong>Espa\u00e7os ao Ar Livre:<\/strong>&nbsp;Parque infantil, campo de futebol\/basquete, jardim com \u00e1rvores, c\u00edrculo de tocos<\/p>\n\n\n\n<p><strong>Tempos ao Ar livre:<\/strong>&nbsp;2h por dia, entre as 17h30 e as 19h30 (aprox)<\/p>\n\n\n\n<p><strong>Brincar ao Ar Livre:&nbsp;<\/strong>2h por dia, entre as 17h30 e as 19h30 (aprox)<\/p>\n\n\n\n<p><strong>Chuva:&nbsp;<\/strong>Raramente, mas incentivam essa pr\u00e1tica<\/p>\n\n\n\n<p><strong>Mais informa\u00e7\u00e3o:<\/strong>&nbsp;Actividades de m\u00fasica, constru\u00e7\u00f5es em madeira, pinturas, bicicletas; est\u00e3o a planear a constru\u00e7\u00e3o de biblioteca, cantinho de leitura, jardim, horta urbana, hotel de insectos, compostor, parede musical, bioblitz<\/p>\n\n\n\n<a target=\"_blank\" href=\"https:\/\/www.facebook.com\/Estu%C3%A1rio-Colectivo-104424087761307\/\" rel=\"noopener\"><i style=\"width:50px\" class=\"fa-brands fa-facebook\"><\/i><\/a>          <a target=\"_blank\" href=\"https:\/\/www.instagram.com\/estuario.colectivo\/\" rel=\"noopener\"><i class=\"fa-brands fa-instagram\"><\/i><\/a>\n<\/div>\n\n\n\n<div class=\"wp-block-column is-vertically-aligned-center is-layout-flow wp-block-column-is-layout-flow\"><div class=\"wp-block-image\">\n<figure class=\"aligncenter size-full\"><img loading=\"lazy\" decoding=\"async\" width=\"236\" height=\"241\" src=\"https:\/\/educartenatureza.uab.pt\/es\/wp-content\/uploads\/sites\/38\/2023\/06\/106021656_168701091333606_69810387778672.webp\" alt=\"\" class=\"wp-image-5503\" \/><\/figure>\n<\/div><\/div>\n<\/div>\n<\/div><\/div><\/div>\n\n\n\n<div id=\"gbc-8d44a9-a9\" class=\"wp-block-c3-framew-gutenbergblocks-advancedcontainer gbc gbc-view row-valign-top align-none c3-framew-gutenbergblocks-advancedcontainer\"><div class=\"gbc-background-overlay gbc-background-overlay-normal\"><\/div><div class=\"gbc-wrapper\" style=\"padding-top:100px;padding-bottom:60px\"><div id=\"gbc-container-gbc-8d44a9-a9\" class=\"inner-container container\">\n<div class=\"wp-block-columns is-layout-flex wp-container-core-columns-is-layout-9d6595d7 wp-block-columns-is-layout-flex\">\n<div class=\"wp-block-column is-vertically-aligned-center is-layout-flow wp-block-column-is-layout-flow\">\n<h2 class=\"wp-block-heading\">MI\u00daDOS FEITOS DE LIBERDADE<\/h2>\n\n\n\n<h2 class=\"wp-block-heading\">Porto<\/h2>\n\n\n\n<p><strong>Institui\u00e7\u00e3o:<\/strong>&nbsp;Fam\u00edlia<\/p>\n\n\n\n<p><strong>Para:<\/strong>&nbsp;Crian\u00e7as de 6 e 12 anos<\/p>\n\n\n\n<p><strong>Espa\u00e7os ao Ar Livre:<\/strong>&nbsp;Rua (semana), montanha (fim-de-semana), parques p\u00fablicos e infantis<\/p>\n\n\n\n<p><strong>Tempos ao Ar livre:<\/strong>&nbsp;3h-4h por dia (semana), 6h-8h por dia (fim-de-semana)<\/p>\n\n\n\n<p><strong>Brincar ao Ar Livre:&nbsp;<\/strong>3h-4h por dia (semana), 6h-8h por dia (fim-de-semana)<\/p>\n\n\n\n<p><strong>Chuva:&nbsp;<\/strong>Usam equipamento de chuva e gostam de saltar po\u00e7as e brincar \u00e0 chuva<\/p>\n\n\n\n<p><strong>Mais informa\u00e7\u00e3o:<\/strong>&nbsp;Gostam de actividades outdoor: caminhadas, passeios e viagens de bicicleta, escaladas em rocha e caiaque<\/p>\n\n\n\n<a target=\"_blank\" href=\"https:\/\/www.facebook.com\/miudosfeitosdeliberdade\/\" rel=\"noopener\"><i style=\"width:50px\" class=\"fa-brands fa-facebook\"><\/i><\/a>          <a target=\"_blank\" href=\"https:\/\/www.instagram.com\/miudosfeitosdeliberdade\/\" rel=\"noopener\"><i class=\"fa-brands fa-instagram\"><\/i><\/a>\n<\/div>\n\n\n\n<div class=\"wp-block-column is-vertically-aligned-center is-layout-flow wp-block-column-is-layout-flow\"><div class=\"wp-block-image\">\n<figure class=\"aligncenter size-full\"><img loading=\"lazy\" decoding=\"async\" width=\"234\" height=\"240\" src=\"https:\/\/educartenatureza.uab.pt\/es\/wp-content\/uploads\/sites\/38\/2023\/06\/57987815_419605948817662_313580000270666.webp\" alt=\"\" class=\"wp-image-5505\" \/><\/figure>\n<\/div><\/div>\n<\/div>\n<\/div><\/div><\/div>\n","protected":false},"excerpt":{"rendered":"\u200b","protected":false},"featured_media":5484,"template":"","class_list":["post-5479","projetos","type-projetos","status-publish","has-post-thumbnail","hentry"],"_links":{"self":[{"href":"https:\/\/educartenatureza.uab.pt\/es\/wp-json\/wp\/v2\/projetos\/5479","targetHints":{"allow":["GET"]}}],"collection":[{"href":"https:\/\/educartenatureza.uab.pt\/es\/wp-json\/wp\/v2\/projetos"}],"about":[{"href":"https:\/\/educartenatureza.uab.pt\/es\/wp-json\/wp\/v2\/types\/projetos"}],"wp:featuredmedia":[{"embeddable":true,"href":"https:\/\/educartenatureza.uab.pt\/es\/wp-json\/wp\/v2\/media\/5484"}],"wp:attachment":[{"href":"https:\/\/educartenatureza.uab.pt\/es\/wp-json\/wp\/v2\/media?parent=5479"}],"curies":[{"name":"wp","href":"https:\/\/api.w.org\/{rel}","templated":true}]}}