{"id":5485,"date":"2023-06-30T11:29:32","date_gmt":"2023-06-30T11:29:32","guid":{"rendered":"https:\/\/sites.uab.pt\/educarte-natureza\/?post_type=projetos&amp;p=5485"},"modified":"2023-06-30T11:29:32","modified_gmt":"2023-06-30T11:29:32","slug":"projetos-de-playgroups-e-particulares","status":"publish","type":"projetos","link":"https:\/\/educartenatureza.uab.pt\/es\/projetos\/projetos-de-playgroups-e-particulares\/","title":{"rendered":"Projetos de Playgroups e Particulares"},"content":{"rendered":"\n<div id=\"gbc-8d44a9-a9\" class=\"wp-block-c3-framew-gutenbergblocks-advancedcontainer gbc gbc-view row-valign-top align-none c3-framew-gutenbergblocks-advancedcontainer\"><div class=\"gbc-background-overlay gbc-background-overlay-normal\"><\/div><div class=\"gbc-wrapper\" style=\"padding-top:100px;padding-bottom:60px\"><div id=\"gbc-container-gbc-8d44a9-a9\" class=\"inner-container container\">\n<div class=\"wp-block-columns is-layout-flex wp-container-core-columns-is-layout-9d6595d7 wp-block-columns-is-layout-flex\">\n<div class=\"wp-block-column is-vertically-aligned-center is-layout-flow wp-block-column-is-layout-flow\">\n<h2 class=\"wp-block-heading\">CRESCER NA RUA, APRENDER COM ARTE<\/h2>\n\n\n\n<h2 class=\"wp-block-heading\">Miramar<a rel=\"noreferrer noopener\" href=\"https:\/\/www.facebook.com\/crescernarua\/\" target=\"_blank\"><\/a><\/h2>\n\n\n\n<p><strong>Institui\u00e7\u00e3o:<\/strong>&nbsp;Particular<\/p>\n\n\n\n<p><strong>Para:<\/strong>&nbsp;Crian\u00e7as dos 3 aos 5 anos<\/p>\n\n\n\n<p><strong>Espa\u00e7os ao Ar Livre:&nbsp;<\/strong>Horta, pomar, jardim, praia, parques infantis, passadi\u00e7os \u00e0 beira-mar, centros ambientais e culturais<\/p>\n\n\n\n<p><strong>Tempos ao Ar livre:<\/strong>&nbsp;Todo o dia, entre as 9h-17h, toda a semana<\/p>\n\n\n\n<p><strong>Brincar ao Ar Livre:<\/strong>&nbsp;3h por dia (aprox)<\/p>\n\n\n\n<p><strong>Chuva:&nbsp;<\/strong>Usam equipamento de chuva, gostam de brincar nas po\u00e7as e \u00e0 chuva<\/p>\n\n\n\n<p><strong>Mais informa\u00e7\u00e3o:<\/strong>&nbsp;Sa\u00eddas semanais \u00e0 comunidade, actividades de educa\u00e7\u00e3o dos sentidos, actividades nas f\u00e9rias para crian\u00e7as dos 6 aos 10 anos<\/p>\n\n\n\n<a target=\"_blank\" href=\"https:\/\/www.facebook.com\/crescernarua\/\" rel=\"noopener\"><i style=\"width:50px\" class=\"fa-brands fa-facebook\"><\/i><\/a>\n<\/div>\n\n\n\n<div class=\"wp-block-column is-vertically-aligned-center is-layout-flow wp-block-column-is-layout-flow\"><div class=\"wp-block-image is-style-rounded\">\n<figure class=\"aligncenter size-full\"><img loading=\"lazy\" decoding=\"async\" width=\"246\" height=\"230\" src=\"https:\/\/educartenatureza.uab.pt\/es\/wp-content\/uploads\/sites\/38\/2023\/06\/13450811_198076180589031_551231375188952.webp\" alt=\"\" class=\"wp-image-5507\" \/><\/figure>\n<\/div><\/div>\n<\/div>\n<\/div><\/div><\/div>\n\n\n\n<div id=\"gbc-130a8f-9b\" class=\"wp-block-c3-framew-gutenbergblocks-advancedcontainer gbc gbc-view row-valign-top align-none c3-framew-gutenbergblocks-advancedcontainer\"><div class=\"gbc-background-overlay gbc-background-overlay-normal\"><\/div><div class=\"gbc-wrapper\" style=\"padding-top:100px;padding-bottom:60px\"><div id=\"gbc-container-gbc-130a8f-9b\" class=\"inner-container container\">\n<div class=\"wp-block-columns is-layout-flex wp-container-core-columns-is-layout-9d6595d7 wp-block-columns-is-layout-flex\">\n<div class=\"wp-block-column is-vertically-aligned-center is-layout-flow wp-block-column-is-layout-flow\">\n<h2 class=\"wp-block-heading\">CRECHE FAMILIAR<\/h2>\n\n\n\n<h2 class=\"wp-block-heading\">Caldas da Rainha<\/h2>\n\n\n\n<p><strong>Institui\u00e7\u00e3o:<\/strong>&nbsp;Particular<\/p>\n\n\n\n<p><strong>Para:<\/strong>&nbsp;Crian\u00e7as dos 6 meses aos 3 anos<\/p>\n\n\n\n<p><strong>Espa\u00e7os ao Ar Livre:&nbsp;<\/strong>Espa\u00e7o exterior com \u00e1rvores, baloi\u00e7os e animais<\/p>\n\n\n\n<p><strong>Tempos ao Ar livre:<\/strong>&nbsp;6h por dia (aprox)<\/p>\n\n\n\n<p><strong>Brincar ao Ar Livre:<\/strong>&nbsp;6h por dia (aprox)<\/p>\n\n\n\n<p><strong>Chuva:&nbsp;<\/strong>Usam equipamento de chuva, gostam de brincar nas po\u00e7as e \u00e0 chuva<\/p>\n\n\n\n<p><strong>Mais informa\u00e7\u00e3o:<\/strong>&nbsp;Fazem as atividades dirigidas tamb\u00e9m no exterior<\/p>\n\n\n\n<a target=\"_blank\" href=\"https:\/\/www.facebook.com\/crechefamiliaroeste\/\" rel=\"noopener\"><i style=\"width:50px\" class=\"fa-brands fa-facebook\"><\/i><\/a>          <a target=\"_blank\" href=\"https:\/\/www.instagram.com\/creche_familiar\/?hl=pt\" rel=\"noopener\"><i class=\"fa-brands fa-instagram\"><\/i><\/a>\n<\/div>\n\n\n\n<div class=\"wp-block-column is-vertically-aligned-center is-layout-flow wp-block-column-is-layout-flow\"><div class=\"wp-block-image is-style-rounded\">\n<figure class=\"aligncenter size-full\"><img loading=\"lazy\" decoding=\"async\" width=\"246\" height=\"230\" src=\"https:\/\/educartenatureza.uab.pt\/es\/wp-content\/uploads\/sites\/38\/2023\/06\/12186350_1703952776501535_15153977921075.webp\" alt=\"\" class=\"wp-image-5508\" \/><\/figure>\n<\/div><\/div>\n<\/div>\n<\/div><\/div><\/div>\n","protected":false},"excerpt":{"rendered":"","protected":false},"featured_media":5486,"template":"","class_list":["post-5485","projetos","type-projetos","status-publish","has-post-thumbnail","hentry"],"_links":{"self":[{"href":"https:\/\/educartenatureza.uab.pt\/es\/wp-json\/wp\/v2\/projetos\/5485","targetHints":{"allow":["GET"]}}],"collection":[{"href":"https:\/\/educartenatureza.uab.pt\/es\/wp-json\/wp\/v2\/projetos"}],"about":[{"href":"https:\/\/educartenatureza.uab.pt\/es\/wp-json\/wp\/v2\/types\/projetos"}],"wp:featuredmedia":[{"embeddable":true,"href":"https:\/\/educartenatureza.uab.pt\/es\/wp-json\/wp\/v2\/media\/5486"}],"wp:attachment":[{"href":"https:\/\/educartenatureza.uab.pt\/es\/wp-json\/wp\/v2\/media?parent=5485"}],"curies":[{"name":"wp","href":"https:\/\/api.w.org\/{rel}","templated":true}]}}